{"id":55,"date":"2023-02-08T09:31:45","date_gmt":"2023-02-08T08:31:45","guid":{"rendered":"https:\/\/grabowiec.pl\/ug\/?page_id=55"},"modified":"2023-02-10T13:55:02","modified_gmt":"2023-02-10T12:55:02","slug":"rezerwaty","status":"publish","type":"page","link":"https:\/\/grabowiec.pl\/ug\/index.php\/rezerwaty\/","title":{"rendered":"Rezerwaty"},"content":{"rendered":"\n<p class=\"has-text-align-center has-large-font-size\">Rog\u00f3w<\/p>\n\n\n\n<figure class=\"wp-block-image size-full\"><img loading=\"lazy\" decoding=\"async\" width=\"2458\" height=\"557\" src=\"https:\/\/grabowiec.pl\/ug\/wp-content\/uploads\/2023\/02\/rezerwat-rogow.jpg\" alt=\"\" class=\"wp-image-56\" srcset=\"https:\/\/grabowiec.pl\/ug\/wp-content\/uploads\/2023\/02\/rezerwat-rogow.jpg 2458w, https:\/\/grabowiec.pl\/ug\/wp-content\/uploads\/2023\/02\/rezerwat-rogow-300x68.jpg 300w, https:\/\/grabowiec.pl\/ug\/wp-content\/uploads\/2023\/02\/rezerwat-rogow-1024x232.jpg 1024w, https:\/\/grabowiec.pl\/ug\/wp-content\/uploads\/2023\/02\/rezerwat-rogow-768x174.jpg 768w, https:\/\/grabowiec.pl\/ug\/wp-content\/uploads\/2023\/02\/rezerwat-rogow-1536x348.jpg 1536w, https:\/\/grabowiec.pl\/ug\/wp-content\/uploads\/2023\/02\/rezerwat-rogow-2048x464.jpg 2048w, https:\/\/grabowiec.pl\/ug\/wp-content\/uploads\/2023\/02\/rezerwat-rogow-621x141.jpg 621w\" sizes=\"auto, (max-width: 2458px) 100vw, 2458px\" \/><\/figure>\n\n\n\n<p>rezerwat przyrody znajduj\u0105cy si\u0119 na terenie gminy Grabowiec w wojew\u00f3dztwie lubelskim. Powierzchnia \u2013 0,95 ha. Rok utworzenia: &#8211; 1965 Dokument powo\u0142uj\u0105cy &#8211; Zarz\u0105dzenie Ministra Le\u015bnictwa i Przemys\u0142u Drzewnego z dnia 23 pa\u017adziernika 1965 roku. W sprawie uznania za rezerwat przyrody (MPnr65,poz.373).<\/p>\n\n\n\n<p>Przedmiot ochrony (wg aktu powo\u0142uj\u0105cego). Zachowanie p\u0142ata ro\u015blinno\u015bci kserotermicznej z reliktowym stanowiskiem dziewi\u0119\u0107si\u0142a pop\u0142ocholistnego.<\/p>\n\n\n\n<hr class=\"wp-block-separator has-alpha-channel-opacity\"\/>\n\n\n\n<p class=\"has-text-align-center has-large-font-size\">Rezerwat &#8222;Wygon Grabowiecki&#8221;<\/p>\n\n\n\n<figure class=\"wp-block-image size-full\"><img loading=\"lazy\" decoding=\"async\" width=\"2189\" height=\"684\" src=\"https:\/\/grabowiec.pl\/ug\/wp-content\/uploads\/2023\/02\/rezerwat-wygon.jpg\" alt=\"\" class=\"wp-image-57\" srcset=\"https:\/\/grabowiec.pl\/ug\/wp-content\/uploads\/2023\/02\/rezerwat-wygon.jpg 2189w, https:\/\/grabowiec.pl\/ug\/wp-content\/uploads\/2023\/02\/rezerwat-wygon-300x94.jpg 300w, https:\/\/grabowiec.pl\/ug\/wp-content\/uploads\/2023\/02\/rezerwat-wygon-1024x320.jpg 1024w, https:\/\/grabowiec.pl\/ug\/wp-content\/uploads\/2023\/02\/rezerwat-wygon-768x240.jpg 768w, https:\/\/grabowiec.pl\/ug\/wp-content\/uploads\/2023\/02\/rezerwat-wygon-1536x480.jpg 1536w, https:\/\/grabowiec.pl\/ug\/wp-content\/uploads\/2023\/02\/rezerwat-wygon-2048x640.jpg 2048w, https:\/\/grabowiec.pl\/ug\/wp-content\/uploads\/2023\/02\/rezerwat-wygon-621x194.jpg 621w\" sizes=\"auto, (max-width: 2189px) 100vw, 2189px\" \/><\/figure>\n\n\n\n<p>utworzony zosta\u0142 zarz\u0105dzeniem Ministra Le\u015bnictwa i Zasob\u00f3w Naturalnych. Jako rezerwat faunistyczny cz\u0119\u015bciowy, maj\u0105cy na celu ochron\u0119 wyst\u0119puj\u0105cego tutaj Sus\u0142a Pere\u0142kowanego, z prawem wypasu zwierz\u0105t gospodarskich. Po\u0142o\u017cony jest w pobli\u017cu miejscowo\u015bci Grabowiec G\u00f3ra i obejmuje 6,38 ha pastwiska (wygon).<\/p>\n","protected":false},"excerpt":{"rendered":"<p>Rog\u00f3w rezerwat przyrody znajduj\u0105cy si\u0119 na terenie gminy Grabowiec w wojew\u00f3dztwie lubelskim. Powierzchnia \u2013 0,95 &hellip;<\/p>\n","protected":false},"author":1,"featured_media":560,"parent":0,"menu_order":0,"comment_status":"closed","ping_status":"closed","template":"","meta":{"footnotes":""},"class_list":["post-55","page","type-page","status-publish","has-post-thumbnail","hentry"],"yoast_head":"<!-- This site is optimized with the Yoast SEO plugin v27.4 - https:\/\/yoast.com\/product\/yoast-seo-wordpress\/ -->\n<title>Rezerwaty - GMINA GRABOWIEC<\/title>\n<meta name=\"robots\" content=\"index, follow, max-snippet:-1, max-image-preview:large, max-video-preview:-1\" \/>\n<link rel=\"canonical\" href=\"https:\/\/grabowiec.pl\/ug\/index.php\/rezerwaty\/\" \/>\n<meta property=\"og:locale\" content=\"pl_PL\" \/>\n<meta property=\"og:type\" content=\"article\" \/>\n<meta property=\"og:title\" content=\"Rezerwaty - GMINA GRABOWIEC\" \/>\n<meta property=\"og:description\" content=\"Rog\u00f3w rezerwat przyrody znajduj\u0105cy si\u0119 na terenie gminy Grabowiec w wojew\u00f3dztwie lubelskim. Powierzchnia \u2013 0,95 &hellip;\" \/>\n<meta property=\"og:url\" content=\"https:\/\/grabowiec.pl\/ug\/index.php\/rezerwaty\/\" \/>\n<meta property=\"og:site_name\" content=\"GMINA GRABOWIEC\" \/>\n<meta property=\"article:modified_time\" content=\"2023-02-10T12:55:02+00:00\" \/>\n<meta property=\"og:image\" content=\"https:\/\/grabowiec.pl\/ug\/wp-content\/uploads\/2023\/02\/w-obiektywie-dk-16.jpg\" \/>\n\t<meta property=\"og:image:width\" content=\"1228\" \/>\n\t<meta property=\"og:image:height\" content=\"690\" \/>\n\t<meta property=\"og:image:type\" content=\"image\/jpeg\" \/>\n<meta name=\"twitter:card\" content=\"summary_large_image\" \/>\n<meta name=\"twitter:label1\" content=\"Szacowany czas czytania\" \/>\n\t<meta name=\"twitter:data1\" content=\"1 minuta\" \/>\n<script type=\"application\/ld+json\" class=\"yoast-schema-graph\">{\"@context\":\"https:\\\/\\\/schema.org\",\"@graph\":[{\"@type\":\"WebPage\",\"@id\":\"https:\\\/\\\/grabowiec.pl\\\/ug\\\/index.php\\\/rezerwaty\\\/\",\"url\":\"https:\\\/\\\/grabowiec.pl\\\/ug\\\/index.php\\\/rezerwaty\\\/\",\"name\":\"Rezerwaty - GMINA GRABOWIEC\",\"isPartOf\":{\"@id\":\"https:\\\/\\\/grabowiec.pl\\\/ug\\\/#website\"},\"primaryImageOfPage\":{\"@id\":\"https:\\\/\\\/grabowiec.pl\\\/ug\\\/index.php\\\/rezerwaty\\\/#primaryimage\"},\"image\":{\"@id\":\"https:\\\/\\\/grabowiec.pl\\\/ug\\\/index.php\\\/rezerwaty\\\/#primaryimage\"},\"thumbnailUrl\":\"https:\\\/\\\/grabowiec.pl\\\/ug\\\/wp-content\\\/uploads\\\/2023\\\/02\\\/w-obiektywie-dk-16.jpg\",\"datePublished\":\"2023-02-08T08:31:45+00:00\",\"dateModified\":\"2023-02-10T12:55:02+00:00\",\"breadcrumb\":{\"@id\":\"https:\\\/\\\/grabowiec.pl\\\/ug\\\/index.php\\\/rezerwaty\\\/#breadcrumb\"},\"inLanguage\":\"pl-PL\",\"potentialAction\":[{\"@type\":\"ReadAction\",\"target\":[\"https:\\\/\\\/grabowiec.pl\\\/ug\\\/index.php\\\/rezerwaty\\\/\"]}]},{\"@type\":\"ImageObject\",\"inLanguage\":\"pl-PL\",\"@id\":\"https:\\\/\\\/grabowiec.pl\\\/ug\\\/index.php\\\/rezerwaty\\\/#primaryimage\",\"url\":\"https:\\\/\\\/grabowiec.pl\\\/ug\\\/wp-content\\\/uploads\\\/2023\\\/02\\\/w-obiektywie-dk-16.jpg\",\"contentUrl\":\"https:\\\/\\\/grabowiec.pl\\\/ug\\\/wp-content\\\/uploads\\\/2023\\\/02\\\/w-obiektywie-dk-16.jpg\",\"width\":1228,\"height\":690,\"caption\":\"SONY DSC\"},{\"@type\":\"BreadcrumbList\",\"@id\":\"https:\\\/\\\/grabowiec.pl\\\/ug\\\/index.php\\\/rezerwaty\\\/#breadcrumb\",\"itemListElement\":[{\"@type\":\"ListItem\",\"position\":1,\"name\":\"Strona g\u0142\u00f3wna\",\"item\":\"https:\\\/\\\/grabowiec.pl\\\/ug\\\/\"},{\"@type\":\"ListItem\",\"position\":2,\"name\":\"Rezerwaty\"}]},{\"@type\":\"WebSite\",\"@id\":\"https:\\\/\\\/grabowiec.pl\\\/ug\\\/#website\",\"url\":\"https:\\\/\\\/grabowiec.pl\\\/ug\\\/\",\"name\":\"GMINA GRABOWIEC\",\"description\":\"\",\"publisher\":{\"@id\":\"https:\\\/\\\/grabowiec.pl\\\/ug\\\/#organization\"},\"potentialAction\":[{\"@type\":\"SearchAction\",\"target\":{\"@type\":\"EntryPoint\",\"urlTemplate\":\"https:\\\/\\\/grabowiec.pl\\\/ug\\\/?s={search_term_string}\"},\"query-input\":{\"@type\":\"PropertyValueSpecification\",\"valueRequired\":true,\"valueName\":\"search_term_string\"}}],\"inLanguage\":\"pl-PL\"},{\"@type\":\"Organization\",\"@id\":\"https:\\\/\\\/grabowiec.pl\\\/ug\\\/#organization\",\"name\":\"GMINA GRABOWIEC\",\"url\":\"https:\\\/\\\/grabowiec.pl\\\/ug\\\/\",\"logo\":{\"@type\":\"ImageObject\",\"inLanguage\":\"pl-PL\",\"@id\":\"https:\\\/\\\/grabowiec.pl\\\/ug\\\/#\\\/schema\\\/logo\\\/image\\\/\",\"url\":\"https:\\\/\\\/grabowiec.pl\\\/ug\\\/wp-content\\\/uploads\\\/2023\\\/02\\\/grab-herb.png\",\"contentUrl\":\"https:\\\/\\\/grabowiec.pl\\\/ug\\\/wp-content\\\/uploads\\\/2023\\\/02\\\/grab-herb.png\",\"width\":500,\"height\":600,\"caption\":\"GMINA GRABOWIEC\"},\"image\":{\"@id\":\"https:\\\/\\\/grabowiec.pl\\\/ug\\\/#\\\/schema\\\/logo\\\/image\\\/\"}}]}<\/script>\n<!-- \/ Yoast SEO plugin. -->","yoast_head_json":{"title":"Rezerwaty - GMINA GRABOWIEC","robots":{"index":"index","follow":"follow","max-snippet":"max-snippet:-1","max-image-preview":"max-image-preview:large","max-video-preview":"max-video-preview:-1"},"canonical":"https:\/\/grabowiec.pl\/ug\/index.php\/rezerwaty\/","og_locale":"pl_PL","og_type":"article","og_title":"Rezerwaty - GMINA GRABOWIEC","og_description":"Rog\u00f3w rezerwat przyrody znajduj\u0105cy si\u0119 na terenie gminy Grabowiec w wojew\u00f3dztwie lubelskim. Powierzchnia \u2013 0,95 &hellip;","og_url":"https:\/\/grabowiec.pl\/ug\/index.php\/rezerwaty\/","og_site_name":"GMINA GRABOWIEC","article_modified_time":"2023-02-10T12:55:02+00:00","og_image":[{"width":1228,"height":690,"url":"https:\/\/grabowiec.pl\/ug\/wp-content\/uploads\/2023\/02\/w-obiektywie-dk-16.jpg","type":"image\/jpeg"}],"twitter_card":"summary_large_image","twitter_misc":{"Szacowany czas czytania":"1 minuta"},"schema":{"@context":"https:\/\/schema.org","@graph":[{"@type":"WebPage","@id":"https:\/\/grabowiec.pl\/ug\/index.php\/rezerwaty\/","url":"https:\/\/grabowiec.pl\/ug\/index.php\/rezerwaty\/","name":"Rezerwaty - GMINA GRABOWIEC","isPartOf":{"@id":"https:\/\/grabowiec.pl\/ug\/#website"},"primaryImageOfPage":{"@id":"https:\/\/grabowiec.pl\/ug\/index.php\/rezerwaty\/#primaryimage"},"image":{"@id":"https:\/\/grabowiec.pl\/ug\/index.php\/rezerwaty\/#primaryimage"},"thumbnailUrl":"https:\/\/grabowiec.pl\/ug\/wp-content\/uploads\/2023\/02\/w-obiektywie-dk-16.jpg","datePublished":"2023-02-08T08:31:45+00:00","dateModified":"2023-02-10T12:55:02+00:00","breadcrumb":{"@id":"https:\/\/grabowiec.pl\/ug\/index.php\/rezerwaty\/#breadcrumb"},"inLanguage":"pl-PL","potentialAction":[{"@type":"ReadAction","target":["https:\/\/grabowiec.pl\/ug\/index.php\/rezerwaty\/"]}]},{"@type":"ImageObject","inLanguage":"pl-PL","@id":"https:\/\/grabowiec.pl\/ug\/index.php\/rezerwaty\/#primaryimage","url":"https:\/\/grabowiec.pl\/ug\/wp-content\/uploads\/2023\/02\/w-obiektywie-dk-16.jpg","contentUrl":"https:\/\/grabowiec.pl\/ug\/wp-content\/uploads\/2023\/02\/w-obiektywie-dk-16.jpg","width":1228,"height":690,"caption":"SONY DSC"},{"@type":"BreadcrumbList","@id":"https:\/\/grabowiec.pl\/ug\/index.php\/rezerwaty\/#breadcrumb","itemListElement":[{"@type":"ListItem","position":1,"name":"Strona g\u0142\u00f3wna","item":"https:\/\/grabowiec.pl\/ug\/"},{"@type":"ListItem","position":2,"name":"Rezerwaty"}]},{"@type":"WebSite","@id":"https:\/\/grabowiec.pl\/ug\/#website","url":"https:\/\/grabowiec.pl\/ug\/","name":"GMINA GRABOWIEC","description":"","publisher":{"@id":"https:\/\/grabowiec.pl\/ug\/#organization"},"potentialAction":[{"@type":"SearchAction","target":{"@type":"EntryPoint","urlTemplate":"https:\/\/grabowiec.pl\/ug\/?s={search_term_string}"},"query-input":{"@type":"PropertyValueSpecification","valueRequired":true,"valueName":"search_term_string"}}],"inLanguage":"pl-PL"},{"@type":"Organization","@id":"https:\/\/grabowiec.pl\/ug\/#organization","name":"GMINA GRABOWIEC","url":"https:\/\/grabowiec.pl\/ug\/","logo":{"@type":"ImageObject","inLanguage":"pl-PL","@id":"https:\/\/grabowiec.pl\/ug\/#\/schema\/logo\/image\/","url":"https:\/\/grabowiec.pl\/ug\/wp-content\/uploads\/2023\/02\/grab-herb.png","contentUrl":"https:\/\/grabowiec.pl\/ug\/wp-content\/uploads\/2023\/02\/grab-herb.png","width":500,"height":600,"caption":"GMINA GRABOWIEC"},"image":{"@id":"https:\/\/grabowiec.pl\/ug\/#\/schema\/logo\/image\/"}}]}},"_links":{"self":[{"href":"https:\/\/grabowiec.pl\/ug\/index.php\/wp-json\/wp\/v2\/pages\/55","targetHints":{"allow":["GET"]}}],"collection":[{"href":"https:\/\/grabowiec.pl\/ug\/index.php\/wp-json\/wp\/v2\/pages"}],"about":[{"href":"https:\/\/grabowiec.pl\/ug\/index.php\/wp-json\/wp\/v2\/types\/page"}],"author":[{"embeddable":true,"href":"https:\/\/grabowiec.pl\/ug\/index.php\/wp-json\/wp\/v2\/users\/1"}],"replies":[{"embeddable":true,"href":"https:\/\/grabowiec.pl\/ug\/index.php\/wp-json\/wp\/v2\/comments?post=55"}],"version-history":[{"count":2,"href":"https:\/\/grabowiec.pl\/ug\/index.php\/wp-json\/wp\/v2\/pages\/55\/revisions"}],"predecessor-version":[{"id":59,"href":"https:\/\/grabowiec.pl\/ug\/index.php\/wp-json\/wp\/v2\/pages\/55\/revisions\/59"}],"wp:featuredmedia":[{"embeddable":true,"href":"https:\/\/grabowiec.pl\/ug\/index.php\/wp-json\/wp\/v2\/media\/560"}],"wp:attachment":[{"href":"https:\/\/grabowiec.pl\/ug\/index.php\/wp-json\/wp\/v2\/media?parent=55"}],"curies":[{"name":"wp","href":"https:\/\/api.w.org\/{rel}","templated":true}]}}