{"id":5624,"date":"2025-11-26T14:17:07","date_gmt":"2025-11-26T13:17:07","guid":{"rendered":"https:\/\/grabowiec.pl\/ug\/?page_id=5624"},"modified":"2026-01-26T14:46:26","modified_gmt":"2026-01-26T13:46:26","slug":"grabowiec-gora","status":"publish","type":"page","link":"https:\/\/grabowiec.pl\/ug\/index.php\/grabowiec-gora\/","title":{"rendered":"POMNIK PAMI\u0118CI \u017bO\u0141NIERZY"},"content":{"rendered":"\n<p class=\"has-text-align-center has-large-font-size\"><strong>PAMI\u0118CI \u017bO\u0141NIERZY I CYWILNYCH OFIAR ZAMORDOWANYCH 25 WRZE\u015aNIA 1939 R. PRZEZ SOWIET\u00d3W PRZY WSPARCIU KOMUNISTYCZNYCH KOLABORANT\u00d3W<\/strong><\/p>\n\n\n\n<p class=\"has-text-align-center has-large-font-size\">oraz<\/p>\n\n\n\n<p class=\"has-text-align-center has-large-font-size\"><strong>\u017bO\u0141NIERZY WOJSKA POLSKIEGO<br>POLEG\u0141YCH W WALCE Z SOWIECKIM NAJE\u0179D\u0179C\u0104<\/strong><\/p>\n\n\n\n<hr class=\"wp-block-separator has-alpha-channel-opacity is-style-wide\"\/>\n\n\n\n<p><strong>POS\u0141UCHAJ<\/strong><\/p>\n\n\n\n<figure class=\"wp-block-audio\"><audio controls src=\"https:\/\/grabowiec.pl\/ug\/wp-content\/uploads\/2026\/01\/audio-gg.mp3\"><\/audio><\/figure>\n\n\n\n<hr class=\"wp-block-separator has-alpha-channel-opacity is-style-wide\"\/>\n\n\n\n<p>W dniu 1 wrze\u015bnia 1939r., wojska niemieckie dokona\u0142y inwazji na Polsk\u0119 wywo\u0142uj\u0105c tym samym II wojn\u0119 \u015bwiatow\u0105. 17 wrze\u015bnia 1939 r. Zwi\u0105zek Radziecki zaatakowa\u0142 nasz kraj od wschodu. Polska znalaz\u0142a si\u0119 w stanie wojny na dw\u00f3ch frontach.<\/p>\n\n\n\n<p>Wkraczaj\u0105ca na ziemie Rzeczypospolitej Armia Czerwona zachowywa\u0142a si\u0119 bestialsko, rozpocz\u0119\u0142y si\u0119 czystki i aresztowania. Polscy oficerowie byli wy\u0142apywani i kierowani do oboz\u00f3w i wi\u0119zie\u0144. Prof. Wiktor Zin w \u201eP\u00f3\u0142g\u0142osem i cisz\u0105\u201d opisa\u0142 wydarzenia z wrze\u015bnia 1939 roku w Grabowcu jako MA\u0141Y KATY\u0143. 24 wrze\u015bnia 1939 roku Sowieci zaj\u0119li Hrubiesz\u00f3w, Grabowiec by\u0142 jeszcze wolny, zbiera\u0142y si\u0119 tu polskie oddzia\u0142y, kt\u00f3re w du\u017cej cz\u0119\u015bci zaraz opu\u015bci\u0142y miejscowo\u015b\u0107. Znajdowa\u0142 si\u0119 tutaj szpital polowy nr 2 ewakuowany z Brze\u015bcia n. Bugiem. Mie\u015bci\u0142 si\u0119 on w budynku przy ul. Koziej, przebywa\u0142o w nim oko\u0142o 30 rannych \u017co\u0142nierzy. Komendantem szpitala by\u0142 kpt. lek. Henryk Wi\u015blicki. W szpitalu pracowali r\u00f3wnie\u017c: kpt. rez. Henryk Wasilewski z Warszawy, lekko ranny, nosz\u0105cy r\u0119k\u0119 na temblaku i por. rez. lek. Marian Fiuto.<\/p>\n\n\n\n<p>Ranni le\u017celi na s\u0142omie i plandekach. Brakowa\u0142o lekarstw i materia\u0142\u00f3w opatrunkowych. Mimo to lekarze wykonywali niezb\u0119dne zabiegi. Z pomoc\u0105 przyszed\u0142 miejscowy proboszcz ks. J\u00f3zef Czarnecki, kt\u00f3ry wspar\u0142 szpital w banda\u017ce i chusty operacyjne uszyte z alb i kom\u017c. Sowieci dotarli do Grabowca 25 wrze\u015bnia 1939 r. Po zaj\u0119ciu Grabowieckiej G\u00f3ry, rozpocz\u0119li ostrza\u0142 Grabowca z mo\u017adzierzy. Polscy kawalerzy\u015bci zaatakowali pozycje nieprzyjacielskie na skraju Grabowieckiej G\u00f3ry. Jednak szar\u017ca za\u0142ama\u0142a si\u0119 w ogniu sowieckich karabin\u00f3w.<\/p>\n\n\n\n<p>Dow\u00f3dca szwadronu zosta\u0142 ranny, a wielu rannych u\u0142an\u00f3w trafi\u0142o do niewoli.<\/p>\n\n\n\n<p>Sowieci wpadli do szpitala. Pierwszy strzeli\u0142 z bliska do wychodz\u0105cego mu naprzeciw kpt. Wi\u015blickiego &#8211; trafi\u0142 go w pier\u015b. Por. Fiuto sowieci zastrzelili w sali szpitalnej wraz z dwoma innymi rannymi \u017co\u0142nierzami. Kapitana Wasilewskiego wyprowadzono ze szpitala, jeden z sowiet\u00f3w pchn\u0105\u0142 go bagnetem. Pozosta\u0142ych rannych \u017co\u0142nierzy wyp\u0119dzono ze szpitala i ustawiano w szeregu. Tych, kt\u00f3rzy nie mogli sta\u0107 o w\u0142asnych si\u0142ach, zabito na miejscu, pozosta\u0142ych rannych pop\u0119dzono na Grabowieck\u0105 G\u00f3r\u0119.<\/p>\n\n\n\n<p>\u017bo\u0142nierze sowieccy popychali, k\u0142uli bagnetami ledwo id\u0105cych rannych \u017co\u0142nierzy. Po zmroku w \u015bwietle pochodni oprawcy zastrzelili chorych i okaleczonych \u017co\u0142nierzy. Bestialsko zamordowani oficerowie i \u017co\u0142nierze zostali przez lokalnych mieszka\u0144c\u00f3w pochowani na cmentarzu w Grabowcu.<\/p>\n\n\n\n<p class=\"has-text-align-center\"><em>\u201eNie by\u0142o wojskowej parady<br>I dzwony \u017ca\u0142obne nie bi\u0142y<br>Po\u017cegna\u0142 Ich tylko \u015bwit blady<br>I gwiazdy modlitw\u0119 zm\u00f3wi\u0142y&#8230;\u201d<\/em><\/p>\n\n\n\n<p>W 50 rocznic\u0119 tego bestialskiego mordu, spo\u0142ecze\u0144stwo Gminy Grabowiec postanowi\u0142o ufundowa\u0107 pomnik ku czci poleg\u0142ych i zamordowanych oficer\u00f3w i \u017co\u0142nierzy Wojska Polskiego improwizowanego szwadronu sformowanego w Kowlu przez ppor. rez. Antoniego Chor\u0105\u017cego i zapasowego szwadronu 27. pu\u0142ku u\u0142an\u00f3w z Nie\u015bwierzu pod dow\u00f3dztwem rotmistrza Eugeniusza Cierpickiego.<\/p>\n\n\n\n<p>Cz\u0142onkowie komitetu organizacyjnego pod przewodnictwem pana Bogus\u0142awa Pasiecznego, zalegalizowali Spo\u0142eczny Komitet Uczczenia Ofiar Wrze\u015bnia 1939 roku, trwa\u0142o to od 5 wrze\u015bnia 1987 roku do wiosny 1989 r. Komitet natrafia\u0142 na op\u00f3r tak miejscowych jak i wojew\u00f3dzkich organ\u00f3w partyjnych. Jednak w toku przemian ustrojowych, post\u0119puj\u0105cej liberalizacji, zw\u0142aszcza po rozmowach \u201eokr\u0105g\u0142ego sto\u0142u&#8221;, pozwolono na postawienie pomnika pomordowanym \u017co\u0142nierzom. W dniu 16 wrze\u015bnia 1989 roku, w miejscu ka\u017ani, nast\u0105pi\u0142o uroczyste ods\u0142oni\u0119cie i po\u015bwiecenie pomnika. Z przed Ko\u015bcio\u0142a parafialnego w Grabowcu, wyruszy\u0142y pod pomnik poczty sztandarowe, delegacje i zebrana ludno\u015b\u0107. Ca\u0142o\u015bci\u0105 poczt\u00f3w sztandarowych w obu dniach uroczysto\u015bci dowodzi\u0142 kpt. Aleksander Wereszko z Warszawy. Obecni byli senatorowie, pos\u0142owie z wojew\u00f3dztwa zamojskiego i che\u0142mskiego oraz przedstawiciele w\u0142adz i poczty sztandarowe: 34. Pu\u0142k Piechoty AK Bia\u0142a Podlaska, 35. Pu\u0142k Piechoty AK Radzy\u0144. Podlaski, Batalion &#8222;Zo\u015bka&#8221; z Warszawy, Batalion &#8222;Parasol&#8221; z Warszawy,Szko\u0142a Podchor\u0105\u017cych AK, 9. Pu\u0142k Piechoty AK Zamo\u015b\u0107, 77 Pu\u0142k Piechoty AK, Zgrupowanie P\u00f3\u0142nocne Ziemi Nowogr\u00f3dzkiej &#8222;Krysiacy&#8221;, &#8222;Solidarno\u015b\u0107&#8221; Rolnik\u00f3w Indywidualnych, Zwi\u0105zek Bojownik\u00f3w o Wolno\u015b\u0107 i Demokracj\u0119 z Grabowca i Skierbieszowa, IX Szczep Harcerzy z Grabowca, Liceum Og\u00f3lnokszta\u0142c\u0105ce w Grabowcu, Ochotnicza Stra\u017c Po\u017carna w Grabowcu.<\/p>\n\n\n\n<p>Wok\u00f3\u0142 pomnika zgromadzili si\u0119: byli partyzanci z oddzia\u0142\u00f3w Tadeusza Kuncewicza ps. Podkowa, Kazimierza Wr\u00f3blewskiego ps. Mary\u015bka, Wojciecha Sarzy\u0144skiego, Jana Wa\u017cnego, W\u0142adys\u0142awa S\u0119d\u0142aka, mieszka\u0144cy gminy Grabowiec i gmin o\u015bciennych, Stowarzyszenie Armii Krajowej reprezentowa\u0142 Jan Gozdawa-Go\u0142\u0119biowski z Warszawy.<\/p>\n\n\n\n<p>Przebiegiem uroczysto\u015bci kierowa\u0142 Bogus\u0142aw Pasieczny \u2013 przewodnicz\u0105cy Spo\u0142ecznego Komitetu Uczczenia Ofiar Wrze\u015bnia 1939 roku w Grabowcu. Jan Za\u0142oga \u2013 przewodnicz\u0105cy Gminnej Narodowej w Grabowcu powita\u0142 zaproszonych go\u015bci: ks. pra\u0142ata Tadeusza Uszy\u0144skiego, Tadeusza Kuncewicza, Jana Gozdaw\u0119 \u2013 Go\u0142\u0119biowskiego, Leszka Koszut\u0119, kpt. Aleksandra Wereszko, senatora Andrzeja Szczepkowskiego, senatora Janusza Wo\u017anic\u0119, aktorki:<\/p>\n\n\n\n<p>Ann\u0119 Nehrebeck\u0105, Kalin\u0119 J\u0119drusik, ch\u00f3r m\u0119ski &#8222;Harfa&#8221; z Warszawy pod dyr. Henryka Szewczuka, Kazimierza Wr\u00f3blewskiego, Ireneusza \u015al\u0105zaka, Paw\u0142a Runkiewicza, Wac\u0142awa Gozdka, J\u00f3zefa Osalcowskiego, Tadeusza Hajduka, Benedykta J\u00f3zefko z Krakowa, Wac\u0142awa Jaroszy\u0144skiego ze \u015awidnika, Krystyn\u0119 i W\u0142odzimierza Glink\u00f3w &#8211; przedstawicieli rodziny zamordowanego lekarza ppor. rez. Mariana Fiuto. Narratorem ze strony Komitetu by\u0142 Wac\u0142aw Jaroszy\u0144ski. W czasie uroczysto\u015bci s\u0142owa \u017ca\u0142obnego rapsodu wyg\u0142osi\u0142a Franciszka Mierzwa \u2013 mieszkanka Grabowiec G\u00f3ry.<\/p>\n\n\n\n<p>Dziedzictwo i testament pomordowanych uwidocznione w dzia\u0142alno\u015bci Armii Krajowej przedstawi\u0142 Waldemar Nowicki. Natomiast miejscowych uczestnik\u00f3w walk 1939 roku, tj.: Stanis\u0142awa Kotowod\u0119, Piotra Koz\u0142owskiego i Jana Otrockiego, odznaczono Krzy\u017cem Kampanii Wrze\u015bniowej.<\/p>\n\n\n\n<p>Podczas Mszy \u015bw. ods\u0142oni\u0119cia pomnika dokonali: dr Krystyna Glinka i prof. Jan Gozdawa-Go\u0142\u0119biowski bliscy zamordowanych oficer\u00f3w. Liczne wie\u0144ce i wi\u0105zanki pokry\u0142y p\u0142yt\u0119 przed pomnikiem, okolonym metalowym ogrodzeniem, na kt\u00f3rym widnieje napis: ,,Bo trac\u0105c pami\u0119\u0107 \u2014 narody trac\u0105 \u017cycie&#8221;. Uroczysto\u015b\u0107 u\u015bwietni\u0142y pie\u015bni patriotyczne i recytacje aktor\u00f3w warszawskich scen: Andrzeja Szczepkowskiego, Kaliny J\u0119drusik i Anny Nehrebeckiej, a tak\u017ce m\u0142odzie\u017cy z Gminnego O\u015brodka Kultury w Grabowcu.<\/p>\n\n\n\n<p>Drugi dzie\u0144 uroczysto\u015bci w niedziel\u0119 17 wrze\u015bnia rozpocz\u0119to sz\u0105 \u015bw. w tutejszym Ko\u015bciele, podczas kt\u00f3rej homili\u0119 wyg\u0142osi\u0142 ks. Tadeusz Zastawa z Katolickiego Uniwersytetu Lubelskiego. Nast\u0119pnie dalsze uroczysto\u015bci odby\u0142y si\u0119 na lokalnym cmentarzu przy kwaterach zamordowanych \u017co\u0142nierzy.<\/p>\n\n\n\n<p>Ka\u017cdego roku we wrze\u015bniu mieszka\u0144cy Gminy Grabowiec czcz\u0105 pami\u0119\u0107 pomordowanych, podczas Mszy \u015bw. odprawianej przed pomnikiem na Grabowiec G\u00f3rze.<\/p>\n\n\n\n<hr class=\"wp-block-separator has-alpha-channel-opacity is-style-wide\"\/>\n\n\n\n<p>W 2025 r. Gmina Grabowiec pozyska\u0142a \u015brodki z Ministerstwa Kultury i Dziedzictwa Narodowego, w ramach Programu Miejsca pami\u0119ci i trwa\u0142e upami\u0119tnienia w kraju, na realizacj\u0119 zadania pn. \u201eRemont i popularyzacja miejsca pami\u0119ci narodowej w Grabowcu-G\u00f3rze\u201d. G\u0142\u00f3wnym za\u0142o\u017ceniem projektu by\u0142o wykonanie remontu pomnika oraz dokonanie korekty g\u0142\u00f3wnej tablicy pod k\u0105tem nazwisk oraz stopni wojskowych os\u00f3b, kt\u00f3re pomnik upami\u0119tnia. Ustalenie nazwisk mo\u017cliwe by\u0142o dzi\u0119ki wsp\u00f3\u0142pracy Gminy z Oddzia\u0142owym Biurem Upami\u0119tnienia Walk i M\u0119cze\u0144stwa IPN w Lublinie, kt\u00f3re przeprowadzi\u0142o kwarend\u0119 archiwalno \u2013 bibliograficzn\u0105 wraz z analiz\u0105 dokument\u00f3w, czego wynikiem by\u0142 projekt tre\u015bci tablicy.<\/p>\n\n\n\n<p>Prace remontowe pomnika, przeprowadzone w 2025 r. dzi\u0119ki wsp\u00f3\u0142finansowaniu ze \u015brodk\u00f3w Ministerstwa Kultury i Dziedzictwa Narodowego, obj\u0119\u0142y m.in. mycie i konserwacj\u0119 g\u0142\u00f3wnego obelisku, monta\u017c nowych tablic, wykonanie granitowej ok\u0142adziny coko\u0142u ponika, u\u0142o\u017cenie kostki brukowej, remont ogrodzenia, krzy\u017ca i maszt\u00f3w oraz wykonanie nowych schod\u00f3w wraz z barierkami.<\/p>\n\n\n\n<hr class=\"wp-block-separator has-alpha-channel-opacity is-style-wide\"\/>\n\n\n\n<p class=\"has-text-align-right has-small-font-size\"><em>\u0179r\u00f3d\u0142o: dokumentacja Izby Pami\u0119ci w Grabowcu<\/em><\/p>\n\n\n\n<p class=\"has-large-font-size\">Skr\u00f3t wideo uroczysto\u015bci z 1989 r.<\/p>\n\n\n\n<figure class=\"wp-block-embed is-type-video is-provider-youtube wp-block-embed-youtube wp-embed-aspect-16-9 wp-has-aspect-ratio\"><div class=\"wp-block-embed__wrapper\">\n<iframe loading=\"lazy\" title=\"Grabowiec G\u00f3ra - skr\u00f3t uroczysto\u015bci z 1989 roku\" width=\"1034\" height=\"582\" src=\"https:\/\/www.youtube.com\/embed\/TWjiGdxjk9E?feature=oembed\" frameborder=\"0\" allow=\"accelerometer; autoplay; clipboard-write; encrypted-media; gyroscope; picture-in-picture; web-share\" referrerpolicy=\"strict-origin-when-cross-origin\" allowfullscreen><\/iframe>\n<\/div><\/figure>\n\n\n\n<p class=\"has-text-align-center\">(<a href=\"https:\/\/www.youtube.com\/watch?v=fHcLlqabyIE\" target=\"_blank\" rel=\"noreferrer noopener\">obejrzyj ca\u0142y film<\/a>)<\/p>\n\n\n\n<hr class=\"wp-block-separator has-alpha-channel-opacity is-style-wide\"\/>\n\n\n\n<p class=\"has-large-font-size\">Galeria:<\/p>\n\n\n\n<style id=\"bwg-style-0\">      #bwg_container1_0 #bwg_container2_0 #bwg_mosaic_thumbnails_div_0 {        width: 100%;        position: relative;        background-color: rgba(255, 255, 255, 0.00);        text-align: center;        justify-content: center;                  margin-left: auto;          margin-right: auto;                    padding-left: 2px;          padding-top: 2px;                }          #bwg_container1_0 #bwg_container2_0 .bwg_mosaic_thumb_spun_0 {        display: block;        position: absolute;\t\t\t\tborder-radius: 0;\t\t\t\tborder: 0px none #CCCCCC;    \t\t    \t\tbackground-color:rgba(0,0,0, 0.30);        -moz-box-sizing: content-box !important;        -webkit-box-sizing: content-box !important;        box-sizing: content-box !important;      }\t\t\t#bwg_container1_0 #bwg_container2_0 .bwg_mosaic_thumb_0 {\t\t\t\tdisplay: block;\t\t\t\t-moz-box-sizing: content-box !important;\t\t\t\t-webkit-box-sizing: content-box !important;\t\t\t\tbox-sizing: content-box !important;\t\t\t\tmargin: 0;\t\t\t\topacity: 1.00;\t\t\t}      #bwg_container1_0 #bwg_container2_0 .bwg_mosaic_thumb_spun_0:hover {        opacity: 1;        backface-visibility: hidden;        -webkit-backface-visibility: hidden;        -moz-backface-visibility: hidden;        -ms-backface-visibility: hidden;        z-index: 102;      }\t     @media only screen and (min-width: 480px) {\t\t#bwg_container1_0 #bwg_container2_0 .bwg-container-0.bwg-mosaic-thumbnails .bwg-item0 img {\t\t\t-webkit-transition: -webkit-transform .3s; transition: transform .3s;\t\t}\t\t#bwg_container1_0 #bwg_container2_0 .bwg-container-0.bwg-mosaic-thumbnails .bwg-item0 img:hover {\t\t\t-ms-transform: scale(1.08);\t\t\t-webkit-transform: scale(1.08);\t\t\ttransform: scale(1.08);\t\t}\t\t      }\t      #bwg_container1_0 #bwg_container2_0 .bwg_mosaic_thumbnails_0 {        background-color: rgba(255, 255, 255, 0.00);        font-size: 0;        position: relative;        text-align: center;        display: inline-block;        visibility: hidden;              }\t  \/*image title styles*\/      #bwg_container1_0 #bwg_container2_0 .bwg_mosaic_title_spun1_0,      #bwg_container1_0 #bwg_container2_0 .bwg-mosaic-thumbnails .bwg_ecommerce_spun1_0 {        position: absolute;        display: block;        opacity: 0;        box-sizing: border-box;        text-align: center;\t\t\t\ttop: 50%;\t\t\t\tleft: 50%;\t\t\t\ttransform: translate(-50%, -50%);      }      #bwg_container1_0 #bwg_container2_0 .bwg-mosaic-thumbnails .bwg_mosaic_title_spun2_0,      #bwg_container1_0 #bwg_container2_0 .bwg-mosaic-thumbnails .bwg_ecommerce_spun2_0 {\t\t    color: #323A45;        font-family: Ubuntu;        font-size: 16px;        font-weight: bold;        text-shadow: ;        vertical-align: middle;        word-wrap: break-word;      }            .bwg_mosaic_play_icon_spun_0 {        display: table;        position: absolute;        left: -10000px;        top: 0px;        opacity: 0;      }      .bwg_mosaic_play_icon_0 {        color: #323A45;        font-size: 32px;        vertical-align: middle;        display: table-cell !important;        z-index: 1;        text-align: center;        margin: 0 auto;      }      #bwg_container1_0 #bwg_container2_0 .bwg_gal_title_0 {        background-color: rgba(0, 0, 0, 0);        color: #323A45;        display: block;        font-family: Ubuntu;        font-size: 16px;        font-weight: bold;        padding: 2px;        text-shadow: ;        text-align: center;      }      <\/style>    <div id=\"bwg_container1_0\"         class=\"bwg_container bwg_thumbnail bwg_thumbnails_mosaic \"         data-right-click-protection=\"0\"         data-bwg=\"0\"         data-scroll=\"0\"         data-gallery-type=\"thumbnails_mosaic\"         data-gallery-view-type=\"thumbnails_mosaic\"         data-current-url=\"\/ug\/index.php\/wp-json\/wp\/v2\/pages\/5624\"         data-lightbox-url=\"https:\/\/grabowiec.pl\/ug\/wp-admin\/admin-ajax.php?action=GalleryBox&#038;current_view=0&#038;gallery_id=202&#038;tag=0&#038;theme_id=1&#038;shortcode_id=428&#038;sort_by=filename&#038;order_by=asc&#038;current_url=%2Fug%2Findex.php%2Fwp-json%2Fwp%2Fv2%2Fpages%2F5624\"         data-gallery-id=\"202\"         data-popup-width=\"800\"         data-popup-height=\"500\"         data-is-album=\"gallery\"         data-buttons-position=\"bottom\">      <div id=\"bwg_container2_0\">             <div id=\"ajax_loading_0\" class=\"bwg_loading_div_1\">      <div class=\"bwg_loading_div_2\">        <div class=\"bwg_loading_div_3\">          <div id=\"loading_div_0\" class=\"bwg_spider_ajax_loading\">          <\/div>        <\/div>      <\/div>    <\/div>            <form id=\"gal_front_form_0\"              class=\"bwg-hidden\"              method=\"post\"              action=\"#\"              data-current=\"0\"              data-shortcode-id=\"428\"              data-gallery-type=\"thumbnails_mosaic\"              data-gallery-id=\"202\"              data-tag=\"0\"              data-album-id=\"0\"              data-theme-id=\"1\"              data-ajax-url=\"https:\/\/grabowiec.pl\/ug\/wp-admin\/admin-ajax.php?action=bwg_frontend_data\">          <div id=\"bwg_container3_0\" class=\"bwg-background bwg-background-0\">                <div id=\"bwg_mosaic_thumbnails_div_0\"         class=\"bwg-container-0 bwg-container bwg-mosaic-thumbnails\"         data-bwg=\"0\"         data-mosaic-direction=\"horizontal\"         data-resizable=\"0\"         data-width=\"350\"         data-height=\"350\"         data-total-width=\"100\"         data-block-id=\"bwg_thumbnails_mosaic_0\"         data-thumb-padding=\"2\"         data-thumb-border=\"0\"         data-title-margin=\"2px\"         data-image-title=\"none\"         data-play-icon=\"1\"         data-ecommerce-icon=\"undefined\"         data-gallery-id=\"202\"         data-lightbox-url=\"https:\/\/grabowiec.pl\/ug\/wp-admin\/admin-ajax.php?action=GalleryBox&#038;current_view=0&#038;gallery_id=202&#038;tag=0&#038;theme_id=1&#038;shortcode_id=428&#038;sort_by=filename&#038;order_by=asc&#038;current_url=%2Fug%2Findex.php%2Fwp-json%2Fwp%2Fv2%2Fpages%2F5624\"         data-mosaic-thumb-transition=\"1\"         style=\"visibility: hidden\" >      <div id=\"bwg_thumbnails_mosaic_0\" class=\"bwg_mosaic_thumbnails_0\">                  <a  class=\"bwg-a bwg_lightbox bwg_lightbox_0\" href=\"https:\/\/grabowiec.pl\/ug\/wp-content\/uploads\/photo-gallery\/pomnik-grabowiec-gora\/20251217\/IMG_1590.jpg?bwg=1765975402\" data-image-id=\"5028\" data-elementor-open-lightbox=\"no\">          <div class=\"bwg_mosaic_thumb_spun_0 bwg-item0 bwg-mosaic-thumb-span \">            <img decoding=\"async\" class=\"bwg_mosaic_thumb_0 skip-lazy bwg_img_clear bwg_img_custom \"                 id=\"5028\"                 src=\"https:\/\/grabowiec.pl\/ug\/wp-content\/uploads\/photo-gallery\/pomnik-grabowiec-gora\/20251217\/thumb\/IMG_1590.jpg?bwg=1765975402\"                 data-src=\"https:\/\/grabowiec.pl\/ug\/wp-content\/uploads\/photo-gallery\/pomnik-grabowiec-gora\/20251217\/thumb\/IMG_1590.jpg?bwg=1765975402\"                 data-width=\"500.00\"                 data-height=\"333.00\"                 alt=\"IMG 1590\"                 title=\"IMG 1590\" \/>                      <\/div>        <\/a>                <a  class=\"bwg-a bwg_lightbox bwg_lightbox_0\" href=\"https:\/\/grabowiec.pl\/ug\/wp-content\/uploads\/photo-gallery\/pomnik-grabowiec-gora\/20251217\/IMG_1591.jpg?bwg=1765975402\" data-image-id=\"5029\" data-elementor-open-lightbox=\"no\">          <div class=\"bwg_mosaic_thumb_spun_0 bwg-item0 bwg-mosaic-thumb-span \">            <img decoding=\"async\" class=\"bwg_mosaic_thumb_0 skip-lazy bwg_img_clear bwg_img_custom \"                 id=\"5029\"                 src=\"https:\/\/grabowiec.pl\/ug\/wp-content\/uploads\/photo-gallery\/pomnik-grabowiec-gora\/20251217\/thumb\/IMG_1591.jpg?bwg=1765975402\"                 data-src=\"https:\/\/grabowiec.pl\/ug\/wp-content\/uploads\/photo-gallery\/pomnik-grabowiec-gora\/20251217\/thumb\/IMG_1591.jpg?bwg=1765975402\"                 data-width=\"500.00\"                 data-height=\"333.00\"                 alt=\"IMG 1591\"                 title=\"IMG 1591\" \/>                      <\/div>        <\/a>                <a  class=\"bwg-a bwg_lightbox bwg_lightbox_0\" href=\"https:\/\/grabowiec.pl\/ug\/wp-content\/uploads\/photo-gallery\/pomnik-grabowiec-gora\/20251217\/IMG_1592.jpg?bwg=1765975402\" data-image-id=\"5030\" data-elementor-open-lightbox=\"no\">          <div class=\"bwg_mosaic_thumb_spun_0 bwg-item0 bwg-mosaic-thumb-span \">            <img decoding=\"async\" class=\"bwg_mosaic_thumb_0 skip-lazy bwg_img_clear bwg_img_custom \"                 id=\"5030\"                 src=\"https:\/\/grabowiec.pl\/ug\/wp-content\/uploads\/photo-gallery\/pomnik-grabowiec-gora\/20251217\/thumb\/IMG_1592.jpg?bwg=1765975402\"                 data-src=\"https:\/\/grabowiec.pl\/ug\/wp-content\/uploads\/photo-gallery\/pomnik-grabowiec-gora\/20251217\/thumb\/IMG_1592.jpg?bwg=1765975402\"                 data-width=\"333.00\"                 data-height=\"500.00\"                 alt=\"IMG 1592\"                 title=\"IMG 1592\" \/>                      <\/div>        <\/a>                <a  class=\"bwg-a bwg_lightbox bwg_lightbox_0\" href=\"https:\/\/grabowiec.pl\/ug\/wp-content\/uploads\/photo-gallery\/pomnik-grabowiec-gora\/20251217\/IMG_1593.jpg?bwg=1765975402\" data-image-id=\"5027\" data-elementor-open-lightbox=\"no\">          <div class=\"bwg_mosaic_thumb_spun_0 bwg-item0 bwg-mosaic-thumb-span \">            <img decoding=\"async\" class=\"bwg_mosaic_thumb_0 skip-lazy bwg_img_clear bwg_img_custom \"                 id=\"5027\"                 src=\"https:\/\/grabowiec.pl\/ug\/wp-content\/uploads\/photo-gallery\/pomnik-grabowiec-gora\/20251217\/thumb\/IMG_1593.jpg?bwg=1765975402\"                 data-src=\"https:\/\/grabowiec.pl\/ug\/wp-content\/uploads\/photo-gallery\/pomnik-grabowiec-gora\/20251217\/thumb\/IMG_1593.jpg?bwg=1765975402\"                 data-width=\"500.00\"                 data-height=\"333.00\"                 alt=\"IMG 1593\"                 title=\"IMG 1593\" \/>                      <\/div>        <\/a>                <a  class=\"bwg-a bwg_lightbox bwg_lightbox_0\" href=\"https:\/\/grabowiec.pl\/ug\/wp-content\/uploads\/photo-gallery\/pomnik-grabowiec-gora\/20251217\/IMG_1594.jpg?bwg=1765975402\" data-image-id=\"5026\" data-elementor-open-lightbox=\"no\">          <div class=\"bwg_mosaic_thumb_spun_0 bwg-item0 bwg-mosaic-thumb-span \">            <img decoding=\"async\" class=\"bwg_mosaic_thumb_0 skip-lazy bwg_img_clear bwg_img_custom \"                 id=\"5026\"                 src=\"https:\/\/grabowiec.pl\/ug\/wp-content\/uploads\/photo-gallery\/pomnik-grabowiec-gora\/20251217\/thumb\/IMG_1594.jpg?bwg=1765975402\"                 data-src=\"https:\/\/grabowiec.pl\/ug\/wp-content\/uploads\/photo-gallery\/pomnik-grabowiec-gora\/20251217\/thumb\/IMG_1594.jpg?bwg=1765975402\"                 data-width=\"500.00\"                 data-height=\"333.00\"                 alt=\"IMG 1594\"                 title=\"IMG 1594\" \/>                      <\/div>        <\/a>                <a  class=\"bwg-a bwg_lightbox bwg_lightbox_0\" href=\"https:\/\/grabowiec.pl\/ug\/wp-content\/uploads\/photo-gallery\/pomnik-grabowiec-gora\/20251217\/IMG_1595.jpg?bwg=1765975402\" data-image-id=\"5031\" data-elementor-open-lightbox=\"no\">          <div class=\"bwg_mosaic_thumb_spun_0 bwg-item0 bwg-mosaic-thumb-span \">            <img decoding=\"async\" class=\"bwg_mosaic_thumb_0 skip-lazy bwg_img_clear bwg_img_custom \"                 id=\"5031\"                 src=\"https:\/\/grabowiec.pl\/ug\/wp-content\/uploads\/photo-gallery\/pomnik-grabowiec-gora\/20251217\/thumb\/IMG_1595.jpg?bwg=1765975402\"                 data-src=\"https:\/\/grabowiec.pl\/ug\/wp-content\/uploads\/photo-gallery\/pomnik-grabowiec-gora\/20251217\/thumb\/IMG_1595.jpg?bwg=1765975402\"                 data-width=\"500.00\"                 data-height=\"333.00\"                 alt=\"IMG 1595\"                 title=\"IMG 1595\" \/>                      <\/div>        <\/a>                <a  class=\"bwg-a bwg_lightbox bwg_lightbox_0\" href=\"https:\/\/grabowiec.pl\/ug\/wp-content\/uploads\/photo-gallery\/pomnik-grabowiec-gora\/20251217\/IMG_1596.jpg?bwg=1765975402\" data-image-id=\"5033\" data-elementor-open-lightbox=\"no\">          <div class=\"bwg_mosaic_thumb_spun_0 bwg-item0 bwg-mosaic-thumb-span \">            <img decoding=\"async\" class=\"bwg_mosaic_thumb_0 skip-lazy bwg_img_clear bwg_img_custom \"                 id=\"5033\"                 src=\"https:\/\/grabowiec.pl\/ug\/wp-content\/uploads\/photo-gallery\/pomnik-grabowiec-gora\/20251217\/thumb\/IMG_1596.jpg?bwg=1765975402\"                 data-src=\"https:\/\/grabowiec.pl\/ug\/wp-content\/uploads\/photo-gallery\/pomnik-grabowiec-gora\/20251217\/thumb\/IMG_1596.jpg?bwg=1765975402\"                 data-width=\"333.00\"                 data-height=\"500.00\"                 alt=\"IMG 1596\"                 title=\"IMG 1596\" \/>                      <\/div>        <\/a>                <a  class=\"bwg-a bwg_lightbox bwg_lightbox_0\" href=\"https:\/\/grabowiec.pl\/ug\/wp-content\/uploads\/photo-gallery\/pomnik-grabowiec-gora\/20251217\/IMG_1597.jpg?bwg=1765975402\" data-image-id=\"5035\" data-elementor-open-lightbox=\"no\">          <div class=\"bwg_mosaic_thumb_spun_0 bwg-item0 bwg-mosaic-thumb-span \">            <img decoding=\"async\" class=\"bwg_mosaic_thumb_0 skip-lazy bwg_img_clear bwg_img_custom \"                 id=\"5035\"                 src=\"https:\/\/grabowiec.pl\/ug\/wp-content\/uploads\/photo-gallery\/pomnik-grabowiec-gora\/20251217\/thumb\/IMG_1597.jpg?bwg=1765975402\"                 data-src=\"https:\/\/grabowiec.pl\/ug\/wp-content\/uploads\/photo-gallery\/pomnik-grabowiec-gora\/20251217\/thumb\/IMG_1597.jpg?bwg=1765975402\"                 data-width=\"333.00\"                 data-height=\"500.00\"                 alt=\"IMG 1597\"                 title=\"IMG 1597\" \/>                      <\/div>        <\/a>                <a  class=\"bwg-a bwg_lightbox bwg_lightbox_0\" href=\"https:\/\/grabowiec.pl\/ug\/wp-content\/uploads\/photo-gallery\/pomnik-grabowiec-gora\/20251217\/IMG_1598.jpg?bwg=1765975402\" data-image-id=\"5034\" data-elementor-open-lightbox=\"no\">          <div class=\"bwg_mosaic_thumb_spun_0 bwg-item0 bwg-mosaic-thumb-span \">            <img decoding=\"async\" class=\"bwg_mosaic_thumb_0 skip-lazy bwg_img_clear bwg_img_custom \"                 id=\"5034\"                 src=\"https:\/\/grabowiec.pl\/ug\/wp-content\/uploads\/photo-gallery\/pomnik-grabowiec-gora\/20251217\/thumb\/IMG_1598.jpg?bwg=1765975402\"                 data-src=\"https:\/\/grabowiec.pl\/ug\/wp-content\/uploads\/photo-gallery\/pomnik-grabowiec-gora\/20251217\/thumb\/IMG_1598.jpg?bwg=1765975402\"                 data-width=\"500.00\"                 data-height=\"333.00\"                 alt=\"IMG 1598\"                 title=\"IMG 1598\" \/>                      <\/div>        <\/a>                <a  class=\"bwg-a bwg_lightbox bwg_lightbox_0\" href=\"https:\/\/grabowiec.pl\/ug\/wp-content\/uploads\/photo-gallery\/pomnik-grabowiec-gora\/20251217\/IMG_1599.jpg?bwg=1765975402\" data-image-id=\"5032\" data-elementor-open-lightbox=\"no\">          <div class=\"bwg_mosaic_thumb_spun_0 bwg-item0 bwg-mosaic-thumb-span \">            <img decoding=\"async\" class=\"bwg_mosaic_thumb_0 skip-lazy bwg_img_clear bwg_img_custom \"                 id=\"5032\"                 src=\"https:\/\/grabowiec.pl\/ug\/wp-content\/uploads\/photo-gallery\/pomnik-grabowiec-gora\/20251217\/thumb\/IMG_1599.jpg?bwg=1765975402\"                 data-src=\"https:\/\/grabowiec.pl\/ug\/wp-content\/uploads\/photo-gallery\/pomnik-grabowiec-gora\/20251217\/thumb\/IMG_1599.jpg?bwg=1765975402\"                 data-width=\"333.00\"                 data-height=\"500.00\"                 alt=\"IMG 1599\"                 title=\"IMG 1599\" \/>                      <\/div>        <\/a>                <a  class=\"bwg-a bwg_lightbox bwg_lightbox_0\" href=\"https:\/\/grabowiec.pl\/ug\/wp-content\/uploads\/photo-gallery\/pomnik-grabowiec-gora\/20251217\/IMG_1600.jpg?bwg=1765975402\" data-image-id=\"5036\" data-elementor-open-lightbox=\"no\">          <div class=\"bwg_mosaic_thumb_spun_0 bwg-item0 bwg-mosaic-thumb-span \">            <img decoding=\"async\" class=\"bwg_mosaic_thumb_0 skip-lazy bwg_img_clear bwg_img_custom \"                 id=\"5036\"                 src=\"https:\/\/grabowiec.pl\/ug\/wp-content\/uploads\/photo-gallery\/pomnik-grabowiec-gora\/20251217\/thumb\/IMG_1600.jpg?bwg=1765975402\"                 data-src=\"https:\/\/grabowiec.pl\/ug\/wp-content\/uploads\/photo-gallery\/pomnik-grabowiec-gora\/20251217\/thumb\/IMG_1600.jpg?bwg=1765975402\"                 data-width=\"500.00\"                 data-height=\"333.00\"                 alt=\"IMG 1600\"                 title=\"IMG 1600\" \/>                      <\/div>        <\/a>                <a  class=\"bwg-a bwg_lightbox bwg_lightbox_0\" href=\"https:\/\/grabowiec.pl\/ug\/wp-content\/uploads\/photo-gallery\/pomnik-grabowiec-gora\/20251217\/IMG_1602.jpg?bwg=1765975402\" data-image-id=\"5038\" data-elementor-open-lightbox=\"no\">          <div class=\"bwg_mosaic_thumb_spun_0 bwg-item0 bwg-mosaic-thumb-span \">            <img decoding=\"async\" class=\"bwg_mosaic_thumb_0 skip-lazy bwg_img_clear bwg_img_custom \"                 id=\"5038\"                 src=\"https:\/\/grabowiec.pl\/ug\/wp-content\/uploads\/photo-gallery\/pomnik-grabowiec-gora\/20251217\/thumb\/IMG_1602.jpg?bwg=1765975402\"                 data-src=\"https:\/\/grabowiec.pl\/ug\/wp-content\/uploads\/photo-gallery\/pomnik-grabowiec-gora\/20251217\/thumb\/IMG_1602.jpg?bwg=1765975402\"                 data-width=\"500.00\"                 data-height=\"333.00\"                 alt=\"IMG 1602\"                 title=\"IMG 1602\" \/>                      <\/div>        <\/a>                <a  class=\"bwg-a bwg_lightbox bwg_lightbox_0\" href=\"https:\/\/grabowiec.pl\/ug\/wp-content\/uploads\/photo-gallery\/pomnik-grabowiec-gora\/20251217\/IMG_1604.jpg?bwg=1765975402\" data-image-id=\"5037\" data-elementor-open-lightbox=\"no\">          <div class=\"bwg_mosaic_thumb_spun_0 bwg-item0 bwg-mosaic-thumb-span \">            <img decoding=\"async\" class=\"bwg_mosaic_thumb_0 skip-lazy bwg_img_clear bwg_img_custom \"                 id=\"5037\"                 src=\"https:\/\/grabowiec.pl\/ug\/wp-content\/uploads\/photo-gallery\/pomnik-grabowiec-gora\/20251217\/thumb\/IMG_1604.jpg?bwg=1765975402\"                 data-src=\"https:\/\/grabowiec.pl\/ug\/wp-content\/uploads\/photo-gallery\/pomnik-grabowiec-gora\/20251217\/thumb\/IMG_1604.jpg?bwg=1765975402\"                 data-width=\"500.00\"                 data-height=\"333.00\"                 alt=\"IMG 1604\"                 title=\"IMG 1604\" \/>                      <\/div>        <\/a>            <\/div>    <\/div>    <style>      \/*pagination styles*\/      #bwg_container1_0 #bwg_container2_0 .tablenav-pages_0 {\t\t\t\ttext-align: center;\t\t\t\tfont-size: 12px;\t\t\t\tfont-family: Ubuntu;\t\t\t\tfont-weight: bold;\t\t\t\tcolor: #666666;\t\t\t\tmargin: 6px 0 4px;\t\t\t\tdisplay: block;      }      @media only screen and (max-width : 320px) {      #bwg_container1_0 #bwg_container2_0 .displaying-num_0 {     \t display: none;      }      }      #bwg_container1_0 #bwg_container2_0 .displaying-num_0 {\t\t\t\tfont-size: 12px;\t\t\t\tfont-family: Ubuntu;\t\t\t\tfont-weight: bold;\t\t\t\tcolor: #666666;\t\t\t\tmargin-right: 10px;\t\t\t\tvertical-align: middle;      }      #bwg_container1_0 #bwg_container2_0 .paging-input_0 {\t\t\t\tfont-size: 12px;\t\t\t\tfont-family: Ubuntu;\t\t\t\tfont-weight: bold;\t\t\t\tcolor: #666666;\t\t\t\tvertical-align: middle;      }      #bwg_container1_0 #bwg_container2_0 .tablenav-pages_0 a.disabled,      #bwg_container1_0 #bwg_container2_0 .tablenav-pages_0 a.disabled:hover,      #bwg_container1_0 #bwg_container2_0 .tablenav-pages_0 a.disabled:focus,\t\t\t#bwg_container1_0 #bwg_container2_0 .tablenav-pages_0 input.bwg_current_page {\t\t\t\tcursor: default;\t\t\t\tcolor: rgba(102, 102, 102, 0.5);      }      #bwg_container1_0 #bwg_container2_0 .tablenav-pages_0 a,      #bwg_container1_0 #bwg_container2_0 .tablenav-pages_0 input.bwg_current_page {\t\t\t\tcursor: pointer;\t\t\t\ttext-align: center;\t\t\t\tfont-size: 12px;\t\t\t\tfont-family: Ubuntu;\t\t\t\tfont-weight: bold;\t\t\t\tcolor: #666666;\t\t\t\ttext-decoration: none;\t\t\t\tpadding: 3px 6px;\t\t\t\tmargin: 0;\t\t\t\tborder-radius: 0;\t\t\t\tborder-style: solid;\t\t\t\tborder-width: 1px;\t\t\t\tborder-color: #E3E3E3;\t\t\t\t\t\t\t\tbackground-color: rgba(255, 255, 255, 1.00);\t\t\t\tbox-shadow: 0;\t\t\t\ttransition: all 0.3s ease 0s;-webkit-transition: all 0.3s ease 0s;      }      <\/style>      <span class=\"bwg_nav_cont_0\">                <script>jQuery('.bwg_nav_cont_0').remove()<\/script>                <input type=\"hidden\" id=\"page_number_0\" name=\"page_number_0\" value=\"1\" \/>      <script type=\"text\/javascript\">        if( jQuery('.bwg_nav_cont_0').length > 1 ) {          jQuery('.bwg_nav_cont_0').first().remove()        }        function spider_page_0(cur, x, y, load_more) {          if (typeof load_more == \"undefined\") {            var load_more = false;          }          if (jQuery(cur).hasClass('disabled')) {            return false;          }          var items_county_0 = 1;          switch (y) {            case 1:              if (x >= items_county_0) {                document.getElementById('page_number_0').value = items_county_0;              }              else {                document.getElementById('page_number_0').value = x + 1;              }              break;            case 2:              document.getElementById('page_number_0').value = items_county_0;              break;            case -1:              if (x == 1) {                document.getElementById('page_number_0').value = 1;              }              else {                document.getElementById('page_number_0').value = x - 1;              }              break;            case -2:              document.getElementById('page_number_0').value = 1;              break;\t\t\t\t\t\tcase 0:              document.getElementById('page_number_0').value = x;              break;            default:              document.getElementById('page_number_0').value = 1;          }          bwg_ajax('gal_front_form_0', '0', 'bwg_thumbnails_mosaic_0', '0', '', 'gallery', 0, '', '', load_more, '', 0);        }                    jQuery('.first-page-0').on('click', function () {              spider_page_0(this, 1, -2, 'numeric');              return false;            });            jQuery('.prev-page-0').on('click', function () {              spider_page_0(this, 1, -1, 'numeric');              return false;            });            jQuery('.next-page-0').on('click', function () {              spider_page_0(this, 1, 1, 'numeric');              return false;            });            jQuery('.last-page-0').on('click', function () {              spider_page_0(this, 1, 2, 'numeric');              return false;            });        \t\t\t\t\/* Change page on input enter. *\/        function bwg_change_page_0( e, that ) {          if (  e.key == 'Enter' ) {            var to_page = parseInt(jQuery(that).val());            var pages_count = jQuery(that).parents(\".pagination-links\").data(\"pages-count\");            var current_url_param = jQuery(that).attr('data-url-info');            if (to_page > pages_count) {              to_page = 1;            }\t \t\t\t\t\t\t\t\t\t\t\t\tspider_page_0(this, to_page, 0, 'numeric');\t\t\t\t\t\t\treturn false;\t\t\t\t\t\t          }          return true;        }        jQuery('.bwg_load_btn_0').on('click', function () {            spider_page_0(this, 1, 1, true);            return false;        });      <\/script>      <\/span>                <\/div>        <\/form>        <style>          #bwg_container1_0 #bwg_container2_0 #spider_popup_overlay_0 {          background-color: #EEEEEE;          opacity: 0.60;          }          <\/style>        <div id=\"bwg_spider_popup_loading_0\" class=\"bwg_spider_popup_loading\"><\/div>        <div id=\"spider_popup_overlay_0\" class=\"spider_popup_overlay\" onclick=\"spider_destroypopup(1000)\"><\/div>        <input type=\"hidden\" id=\"bwg_random_seed_0\" value=\"1717780127\">                <\/div>    <\/div>    <script>      if (document.readyState === 'complete') {        if( typeof bwg_main_ready == 'function' ) {          if ( jQuery(\"#bwg_container1_0\").height() ) {            bwg_main_ready(jQuery(\"#bwg_container1_0\"));          }        }      } else {        document.addEventListener('DOMContentLoaded', function() {          if( typeof bwg_main_ready == 'function' ) {            if ( jQuery(\"#bwg_container1_0\").height() ) {             bwg_main_ready(jQuery(\"#bwg_container1_0\"));            }          }        });      }    <\/script>    \n\n\n\n<hr class=\"wp-block-separator has-alpha-channel-opacity is-style-wide\"\/>\n\n\n\n<p class=\"has-large-font-size\">Powi\u0105zane dzia\u0142ania:<br>&#8211; <a href=\"https:\/\/grabowiec.pl\/ug\/index.php\/2025\/11\/27\/remont-i-popularyzacja-miejsca-pamieci-narodowej\/\">REMONT I POPULARYZACJA MIEJSCA PAMI\u0118CI NARODOWEJ<\/a><\/p>\n","protected":false},"excerpt":{"rendered":"<p>PAMI\u0118CI \u017bO\u0141NIERZY I CYWILNYCH OFIAR ZAMORDOWANYCH 25 WRZE\u015aNIA 1939 R. PRZEZ SOWIET\u00d3W PRZY WSPARCIU KOMUNISTYCZNYCH &hellip;<\/p>\n","protected":false},"author":1,"featured_media":5625,"parent":0,"menu_order":0,"comment_status":"closed","ping_status":"closed","template":"","meta":{"footnotes":""},"class_list":["post-5624","page","type-page","status-publish","has-post-thumbnail","hentry"],"yoast_head":"<!-- This site is optimized with the Yoast SEO plugin v27.5 - https:\/\/yoast.com\/product\/yoast-seo-wordpress\/ -->\n<title>POMNIK PAMI\u0118CI \u017bO\u0141NIERZY - GMINA GRABOWIEC<\/title>\n<meta name=\"robots\" content=\"index, follow, max-snippet:-1, max-image-preview:large, max-video-preview:-1\" \/>\n<link rel=\"canonical\" href=\"https:\/\/grabowiec.pl\/ug\/index.php\/grabowiec-gora\/\" \/>\n<meta property=\"og:locale\" content=\"pl_PL\" \/>\n<meta property=\"og:type\" content=\"article\" \/>\n<meta property=\"og:title\" content=\"POMNIK PAMI\u0118CI \u017bO\u0141NIERZY - GMINA GRABOWIEC\" \/>\n<meta property=\"og:description\" content=\"PAMI\u0118CI \u017bO\u0141NIERZY I CYWILNYCH OFIAR ZAMORDOWANYCH 25 WRZE\u015aNIA 1939 R. PRZEZ SOWIET\u00d3W PRZY WSPARCIU KOMUNISTYCZNYCH &hellip;\" \/>\n<meta property=\"og:url\" content=\"https:\/\/grabowiec.pl\/ug\/index.php\/grabowiec-gora\/\" \/>\n<meta property=\"og:site_name\" content=\"GMINA GRABOWIEC\" \/>\n<meta property=\"article:modified_time\" content=\"2026-01-26T13:46:26+00:00\" \/>\n<meta property=\"og:image\" content=\"https:\/\/grabowiec.pl\/ug\/wp-content\/uploads\/2025\/11\/yt.jpg\" \/>\n\t<meta property=\"og:image:width\" content=\"1111\" \/>\n\t<meta property=\"og:image:height\" content=\"626\" \/>\n\t<meta property=\"og:image:type\" content=\"image\/jpeg\" \/>\n<meta name=\"twitter:card\" content=\"summary_large_image\" \/>\n<meta name=\"twitter:label1\" content=\"Szacowany czas czytania\" \/>\n\t<meta name=\"twitter:data1\" content=\"7 minut\" \/>\n<script type=\"application\/ld+json\" class=\"yoast-schema-graph\">{\"@context\":\"https:\\\/\\\/schema.org\",\"@graph\":[{\"@type\":\"WebPage\",\"@id\":\"https:\\\/\\\/grabowiec.pl\\\/ug\\\/index.php\\\/grabowiec-gora\\\/\",\"url\":\"https:\\\/\\\/grabowiec.pl\\\/ug\\\/index.php\\\/grabowiec-gora\\\/\",\"name\":\"POMNIK PAMI\u0118CI \u017bO\u0141NIERZY - GMINA GRABOWIEC\",\"isPartOf\":{\"@id\":\"https:\\\/\\\/grabowiec.pl\\\/ug\\\/#website\"},\"primaryImageOfPage\":{\"@id\":\"https:\\\/\\\/grabowiec.pl\\\/ug\\\/index.php\\\/grabowiec-gora\\\/#primaryimage\"},\"image\":{\"@id\":\"https:\\\/\\\/grabowiec.pl\\\/ug\\\/index.php\\\/grabowiec-gora\\\/#primaryimage\"},\"thumbnailUrl\":\"https:\\\/\\\/grabowiec.pl\\\/ug\\\/wp-content\\\/uploads\\\/2025\\\/11\\\/yt.jpg\",\"datePublished\":\"2025-11-26T13:17:07+00:00\",\"dateModified\":\"2026-01-26T13:46:26+00:00\",\"breadcrumb\":{\"@id\":\"https:\\\/\\\/grabowiec.pl\\\/ug\\\/index.php\\\/grabowiec-gora\\\/#breadcrumb\"},\"inLanguage\":\"pl-PL\",\"potentialAction\":[{\"@type\":\"ReadAction\",\"target\":[\"https:\\\/\\\/grabowiec.pl\\\/ug\\\/index.php\\\/grabowiec-gora\\\/\"]}]},{\"@type\":\"ImageObject\",\"inLanguage\":\"pl-PL\",\"@id\":\"https:\\\/\\\/grabowiec.pl\\\/ug\\\/index.php\\\/grabowiec-gora\\\/#primaryimage\",\"url\":\"https:\\\/\\\/grabowiec.pl\\\/ug\\\/wp-content\\\/uploads\\\/2025\\\/11\\\/yt.jpg\",\"contentUrl\":\"https:\\\/\\\/grabowiec.pl\\\/ug\\\/wp-content\\\/uploads\\\/2025\\\/11\\\/yt.jpg\",\"width\":1111,\"height\":626},{\"@type\":\"BreadcrumbList\",\"@id\":\"https:\\\/\\\/grabowiec.pl\\\/ug\\\/index.php\\\/grabowiec-gora\\\/#breadcrumb\",\"itemListElement\":[{\"@type\":\"ListItem\",\"position\":1,\"name\":\"Strona g\u0142\u00f3wna\",\"item\":\"https:\\\/\\\/grabowiec.pl\\\/ug\\\/\"},{\"@type\":\"ListItem\",\"position\":2,\"name\":\"POMNIK PAMI\u0118CI \u017bO\u0141NIERZY\"}]},{\"@type\":\"WebSite\",\"@id\":\"https:\\\/\\\/grabowiec.pl\\\/ug\\\/#website\",\"url\":\"https:\\\/\\\/grabowiec.pl\\\/ug\\\/\",\"name\":\"GMINA GRABOWIEC\",\"description\":\"\",\"publisher\":{\"@id\":\"https:\\\/\\\/grabowiec.pl\\\/ug\\\/#organization\"},\"potentialAction\":[{\"@type\":\"SearchAction\",\"target\":{\"@type\":\"EntryPoint\",\"urlTemplate\":\"https:\\\/\\\/grabowiec.pl\\\/ug\\\/?s={search_term_string}\"},\"query-input\":{\"@type\":\"PropertyValueSpecification\",\"valueRequired\":true,\"valueName\":\"search_term_string\"}}],\"inLanguage\":\"pl-PL\"},{\"@type\":\"Organization\",\"@id\":\"https:\\\/\\\/grabowiec.pl\\\/ug\\\/#organization\",\"name\":\"GMINA GRABOWIEC\",\"url\":\"https:\\\/\\\/grabowiec.pl\\\/ug\\\/\",\"logo\":{\"@type\":\"ImageObject\",\"inLanguage\":\"pl-PL\",\"@id\":\"https:\\\/\\\/grabowiec.pl\\\/ug\\\/#\\\/schema\\\/logo\\\/image\\\/\",\"url\":\"https:\\\/\\\/grabowiec.pl\\\/ug\\\/wp-content\\\/uploads\\\/2023\\\/02\\\/grab-herb.png\",\"contentUrl\":\"https:\\\/\\\/grabowiec.pl\\\/ug\\\/wp-content\\\/uploads\\\/2023\\\/02\\\/grab-herb.png\",\"width\":500,\"height\":600,\"caption\":\"GMINA GRABOWIEC\"},\"image\":{\"@id\":\"https:\\\/\\\/grabowiec.pl\\\/ug\\\/#\\\/schema\\\/logo\\\/image\\\/\"}}]}<\/script>\n<!-- \/ Yoast SEO plugin. -->","yoast_head_json":{"title":"POMNIK PAMI\u0118CI \u017bO\u0141NIERZY - GMINA GRABOWIEC","robots":{"index":"index","follow":"follow","max-snippet":"max-snippet:-1","max-image-preview":"max-image-preview:large","max-video-preview":"max-video-preview:-1"},"canonical":"https:\/\/grabowiec.pl\/ug\/index.php\/grabowiec-gora\/","og_locale":"pl_PL","og_type":"article","og_title":"POMNIK PAMI\u0118CI \u017bO\u0141NIERZY - GMINA GRABOWIEC","og_description":"PAMI\u0118CI \u017bO\u0141NIERZY I CYWILNYCH OFIAR ZAMORDOWANYCH 25 WRZE\u015aNIA 1939 R. PRZEZ SOWIET\u00d3W PRZY WSPARCIU KOMUNISTYCZNYCH &hellip;","og_url":"https:\/\/grabowiec.pl\/ug\/index.php\/grabowiec-gora\/","og_site_name":"GMINA GRABOWIEC","article_modified_time":"2026-01-26T13:46:26+00:00","og_image":[{"width":1111,"height":626,"url":"https:\/\/grabowiec.pl\/ug\/wp-content\/uploads\/2025\/11\/yt.jpg","type":"image\/jpeg"}],"twitter_card":"summary_large_image","twitter_misc":{"Szacowany czas czytania":"7 minut"},"schema":{"@context":"https:\/\/schema.org","@graph":[{"@type":"WebPage","@id":"https:\/\/grabowiec.pl\/ug\/index.php\/grabowiec-gora\/","url":"https:\/\/grabowiec.pl\/ug\/index.php\/grabowiec-gora\/","name":"POMNIK PAMI\u0118CI \u017bO\u0141NIERZY - GMINA GRABOWIEC","isPartOf":{"@id":"https:\/\/grabowiec.pl\/ug\/#website"},"primaryImageOfPage":{"@id":"https:\/\/grabowiec.pl\/ug\/index.php\/grabowiec-gora\/#primaryimage"},"image":{"@id":"https:\/\/grabowiec.pl\/ug\/index.php\/grabowiec-gora\/#primaryimage"},"thumbnailUrl":"https:\/\/grabowiec.pl\/ug\/wp-content\/uploads\/2025\/11\/yt.jpg","datePublished":"2025-11-26T13:17:07+00:00","dateModified":"2026-01-26T13:46:26+00:00","breadcrumb":{"@id":"https:\/\/grabowiec.pl\/ug\/index.php\/grabowiec-gora\/#breadcrumb"},"inLanguage":"pl-PL","potentialAction":[{"@type":"ReadAction","target":["https:\/\/grabowiec.pl\/ug\/index.php\/grabowiec-gora\/"]}]},{"@type":"ImageObject","inLanguage":"pl-PL","@id":"https:\/\/grabowiec.pl\/ug\/index.php\/grabowiec-gora\/#primaryimage","url":"https:\/\/grabowiec.pl\/ug\/wp-content\/uploads\/2025\/11\/yt.jpg","contentUrl":"https:\/\/grabowiec.pl\/ug\/wp-content\/uploads\/2025\/11\/yt.jpg","width":1111,"height":626},{"@type":"BreadcrumbList","@id":"https:\/\/grabowiec.pl\/ug\/index.php\/grabowiec-gora\/#breadcrumb","itemListElement":[{"@type":"ListItem","position":1,"name":"Strona g\u0142\u00f3wna","item":"https:\/\/grabowiec.pl\/ug\/"},{"@type":"ListItem","position":2,"name":"POMNIK PAMI\u0118CI \u017bO\u0141NIERZY"}]},{"@type":"WebSite","@id":"https:\/\/grabowiec.pl\/ug\/#website","url":"https:\/\/grabowiec.pl\/ug\/","name":"GMINA GRABOWIEC","description":"","publisher":{"@id":"https:\/\/grabowiec.pl\/ug\/#organization"},"potentialAction":[{"@type":"SearchAction","target":{"@type":"EntryPoint","urlTemplate":"https:\/\/grabowiec.pl\/ug\/?s={search_term_string}"},"query-input":{"@type":"PropertyValueSpecification","valueRequired":true,"valueName":"search_term_string"}}],"inLanguage":"pl-PL"},{"@type":"Organization","@id":"https:\/\/grabowiec.pl\/ug\/#organization","name":"GMINA GRABOWIEC","url":"https:\/\/grabowiec.pl\/ug\/","logo":{"@type":"ImageObject","inLanguage":"pl-PL","@id":"https:\/\/grabowiec.pl\/ug\/#\/schema\/logo\/image\/","url":"https:\/\/grabowiec.pl\/ug\/wp-content\/uploads\/2023\/02\/grab-herb.png","contentUrl":"https:\/\/grabowiec.pl\/ug\/wp-content\/uploads\/2023\/02\/grab-herb.png","width":500,"height":600,"caption":"GMINA GRABOWIEC"},"image":{"@id":"https:\/\/grabowiec.pl\/ug\/#\/schema\/logo\/image\/"}}]}},"_links":{"self":[{"href":"https:\/\/grabowiec.pl\/ug\/index.php\/wp-json\/wp\/v2\/pages\/5624","targetHints":{"allow":["GET"]}}],"collection":[{"href":"https:\/\/grabowiec.pl\/ug\/index.php\/wp-json\/wp\/v2\/pages"}],"about":[{"href":"https:\/\/grabowiec.pl\/ug\/index.php\/wp-json\/wp\/v2\/types\/page"}],"author":[{"embeddable":true,"href":"https:\/\/grabowiec.pl\/ug\/index.php\/wp-json\/wp\/v2\/users\/1"}],"replies":[{"embeddable":true,"href":"https:\/\/grabowiec.pl\/ug\/index.php\/wp-json\/wp\/v2\/comments?post=5624"}],"version-history":[{"count":18,"href":"https:\/\/grabowiec.pl\/ug\/index.php\/wp-json\/wp\/v2\/pages\/5624\/revisions"}],"predecessor-version":[{"id":5837,"href":"https:\/\/grabowiec.pl\/ug\/index.php\/wp-json\/wp\/v2\/pages\/5624\/revisions\/5837"}],"wp:featuredmedia":[{"embeddable":true,"href":"https:\/\/grabowiec.pl\/ug\/index.php\/wp-json\/wp\/v2\/media\/5625"}],"wp:attachment":[{"href":"https:\/\/grabowiec.pl\/ug\/index.php\/wp-json\/wp\/v2\/media?parent=5624"}],"curies":[{"name":"wp","href":"https:\/\/api.w.org\/{rel}","templated":true}]}}