{"id":7,"date":"2023-02-08T08:51:54","date_gmt":"2023-02-08T07:51:54","guid":{"rendered":"https:\/\/grabowiec.pl\/ug\/?page_id=7"},"modified":"2026-04-13T15:04:02","modified_gmt":"2026-04-13T13:04:02","slug":"urzad-gminy","status":"publish","type":"page","link":"https:\/\/grabowiec.pl\/ug\/","title":{"rendered":"AKTUALNO\u015aCI"},"content":{"rendered":"\n                <style>\n            #sogrid-1676210662341.sogrid--pinterest{\n                font-size: 16px;\n                padding: 20px 0px 20px 0px;\n                margin-top: 0px;\n                margin-bottom: 20px;\n                background-color: rgba(0,0,0,0);\n            }\n\n            #sogrid-1676210662341.sogrid--pinterest .sogrid__entry__content{\n                border-color: #f1f1f1;\n            }\n\n            #sogrid-1676210662341.sogrid--pinterest .sogrid__entry__title a,\n            #sogrid-1676210662341.sogrid--pinterest .sogrid__entry__title a:hover,\n            #sogrid-1676210662341.sogrid--pinterest .sogrid__entry__title a:focus,\n            #sogrid-1676210662341.sogrid--pinterest .sogrid__entry__title a:visited{\n                color: #191919;\n            }\n    \n            #sogrid-1676210662341.sogrid--pinterest .sogrid__entry__meta{\n                color: #777777;\n            }\n    \n            #sogrid-1676210662341.sogrid--pinterest .sogrid__entry__meta .sogrid__entry__author,\n            #sogrid-1676210662341.sogrid--pinterest .sogrid__entry__meta .sogrid__entry__author:hover,\n            #sogrid-1676210662341.sogrid--pinterest .sogrid__entry__meta .sogrid__entry__author:focus,\n            #sogrid-1676210662341.sogrid--pinterest .sogrid__entry__meta .sogrid__entry__author:visited{\n                color: #777777;\n            }\n\n            #sogrid-1676210662341.sogrid--pinterest .sogrid__entry__categories a,\n            #sogrid-1676210662341.sogrid--pinterest .sogrid__entry__categories a:hover,\n            #sogrid-1676210662341.sogrid--pinterest .sogrid__entry__categories a:focus,\n            #sogrid-1676210662341.sogrid--pinterest .sogrid__entry__categories a:visited{\n                color: #494949;\n            }\n    \n            #sogrid-1676210662341.sogrid--pinterest .sogrid__entry__excerpt{\n                color: #555555;\n            } \n\n            #sogrid-1676210662341.sogrid--pinterest .sogrid__entry__readmore,\n            #sogrid-1676210662341.sogrid--pinterest .sogrid__entry__readmore:hover,\n            #sogrid-1676210662341.sogrid--pinterest .sogrid__entry__readmore:focus,\n            #sogrid-1676210662341.sogrid--pinterest .sogrid__entry__readmore:visited{\n                color: #ffffff;\n                background-color: #d32f2f;\n            }\n\n            #sogrid-1676210662341.sogrid--pinterest .sogrid__pagination span{\n                color: #333333;\n                background-color: #e9e9e9;\n            }\n    \n            #sogrid-1676210662341.sogrid--pinterest .sogrid__pagination span.__active{\n                color: #ffffff;\n                background-color: #d32f2f;\n            }\n\n            @media all and (min-width: 768px) {\n                #sogrid-1676210662341.sogrid--pinterest{\n                    font-size: 16px;\n                }\n            }\n    \n            @media all and (min-width: 992px) {\n                #sogrid-1676210662341.sogrid--pinterest{\n                    font-size: 16px;\n                }\n            }\n\n        <\/style>\n\n                <script>var sogrid_1676210662341 = {\"uid\":\"sogrid-1676210662341\",\"isAuthorVisible\":false,\"areCategoriesVisible\":false,\"categoriesSelected\":[{\"id\":8,\"slug\":\"wydarzenia\"}],\"postsNumber\":12,\"paginationPos\":\"bottom\",\"isDateVisible\":true,\"columns\":3,\"tabletColumns\":2,\"mobileColumns\":1,\"fontSize\":16,\"tabletFontSize\":16,\"mobileFontSize\":16,\"titleColor\":\"#191919\",\"categoryColor\":\"#494949\",\"excerptColor\":\"#555555\",\"authorColor\":\"#777777\",\"dateColor\":\"#777777\",\"borderColor\":\"#f1f1f1\",\"marginTop\":0,\"marginBottom\":20,\"paddingTop\":20,\"paddingBottom\":20,\"paddingLeft\":0,\"paddingRight\":0,\"backgroundColor\":\"rgba(0,0,0,0)\",\"isExcerptVisible\":true,\"isPaginationEnabled\":false,\"paginationMaxPages\":3,\"paginationColor\":\"#333333\",\"paginationBgColor\":\"#e9e9e9\",\"paginationActiveColor\":\"#ffffff\",\"paginationActiveBgColor\":\"#d32f2f\",\"isReadMoreVisible\":false,\"readMoreText\":\"Read More\",\"readmoreColor\":\"#ffffff\",\"readmoreBGColor\":\"#d32f2f\",\"postsOrder\":\"date\"};<\/script>\n\n                <div\n                    id=sogrid-1676210662341\n                    class=\"sogrid sogrid--pinterest\"\n                    data-desktop=\"3\"\n                    data-tablet=\"2\"\n                    data-mobile=\"1\"\n                >\n\n                    \n\n                    <div class=\"sogrid__posts\" data-page=\"1\">\n                      \n            <article class=\"sogrid__entry sogrid__entry--has-thumbnail\">\n            \n                \n            <div class=\"sogrid__entry__thumbnail\">\n                <img decoding=\"async\" src=\"https:\/\/grabowiec.pl\/ug\/wp-content\/uploads\/2026\/04\/IMG_20260429_111506599_HDRAE-tyt.jpg\" alt=\"NOWA TABLICA INFORMACYJNA\" \/>\n                \n            <a class=\"sogrid__entry__format\" data-format=\"\" href=\"https:\/\/grabowiec.pl\/ug\/index.php\/2026\/04\/29\/nowa-tablica-informacyjna\/\">\n                <span>\n            <svg class=\"dashicon\" role=\"img\" focusable=\"false\" xmlns=\"http:\/\/www.w3.org\/2000\/svg\" width=\"20\" height=\"20\" viewBox=\"0 0 24 24\">\n                <path d=\"M13.744 8s1.522-8-3.335-8h-8.409v24h20v-13c0-3.419-5.247-3.745-8.256-3zm4.256 11h-12v-1h12v1zm0-3h-12v-1h12v1zm0-3h-12v-1h12v1zm-3.432-12.925c2.202 1.174 5.938 4.883 7.432 6.881-1.286-.9-4.044-1.657-6.091-1.179.222-1.468-.185-4.534-1.341-5.702z\"\/>\n            <\/svg><\/span>\n            <\/a>\n        \n            <\/div>\n        \n\n                <div class=\"sogrid__entry__content\">\n\n                    \n\n                    <h3 class=\"sogrid__entry__title\">\n                        <a href=\"https:\/\/grabowiec.pl\/ug\/index.php\/2026\/04\/29\/nowa-tablica-informacyjna\/\">NOWA TABLICA INFORMACYJNA<\/a>\n                    <\/h3>\n\n                    <div class=\"sogrid__entry__meta\"><span class=\"sogrid__entry__date\">2026-04-29<\/span><\/div>\n                    \n                    <div class=\"sogrid__entry__excerpt\">Grabowiec zyska\u0142 nowy, estetyczny i niezwykle przydatny element ma\u0142ej architektury. 29 kwietnia 2026 roku w&#8230;<\/div>\n\n                    \n\n                <\/div>\n\n            <\/article>\n                      \n            <article class=\"sogrid__entry sogrid__entry--has-thumbnail\">\n            \n                \n            <div class=\"sogrid__entry__thumbnail\">\n                <img decoding=\"async\" src=\"https:\/\/grabowiec.pl\/ug\/wp-content\/uploads\/2026\/03\/20260313-TYT-1024x768.jpg\" alt=\"RELACJA Z ELIMINACJI GMINNYCH OTWP\" \/>\n                \n            <a class=\"sogrid__entry__format\" data-format=\"\" href=\"https:\/\/grabowiec.pl\/ug\/index.php\/2026\/03\/13\/relacja-z-eliminacji-gminnych-otwp\/\">\n                <span>\n            <svg class=\"dashicon\" role=\"img\" focusable=\"false\" xmlns=\"http:\/\/www.w3.org\/2000\/svg\" width=\"20\" height=\"20\" viewBox=\"0 0 24 24\">\n                <path d=\"M13.744 8s1.522-8-3.335-8h-8.409v24h20v-13c0-3.419-5.247-3.745-8.256-3zm4.256 11h-12v-1h12v1zm0-3h-12v-1h12v1zm0-3h-12v-1h12v1zm-3.432-12.925c2.202 1.174 5.938 4.883 7.432 6.881-1.286-.9-4.044-1.657-6.091-1.179.222-1.468-.185-4.534-1.341-5.702z\"\/>\n            <\/svg><\/span>\n            <\/a>\n        \n            <\/div>\n        \n\n                <div class=\"sogrid__entry__content\">\n\n                    \n\n                    <h3 class=\"sogrid__entry__title\">\n                        <a href=\"https:\/\/grabowiec.pl\/ug\/index.php\/2026\/03\/13\/relacja-z-eliminacji-gminnych-otwp\/\">RELACJA Z ELIMINACJI GMINNYCH OTWP<\/a>\n                    <\/h3>\n\n                    <div class=\"sogrid__entry__meta\"><span class=\"sogrid__entry__date\">2026-03-13<\/span><\/div>\n                    \n                    <div class=\"sogrid__entry__excerpt\">M\u0142odzi stra\u017cacy z Grabowca w gotowo\u015bci! Relacja z eliminacji gminnych OTWP 2026 W Zespole Szk\u00f3\u0142&#8230;<\/div>\n\n                    \n\n                <\/div>\n\n            <\/article>\n                      \n            <article class=\"sogrid__entry sogrid__entry--has-thumbnail\">\n            \n                \n            <div class=\"sogrid__entry__thumbnail\">\n                <img decoding=\"async\" src=\"https:\/\/grabowiec.pl\/ug\/wp-content\/uploads\/2026\/03\/20260310-1024x768.jpg\" alt=\"GRABOWIEC UCZCI\u0141 OFIARY AKCJI \u201eREINHARDT\u201d\" \/>\n                \n            <a class=\"sogrid__entry__format\" data-format=\"\" href=\"https:\/\/grabowiec.pl\/ug\/index.php\/2026\/03\/12\/grabowiec-uczcil-ofiary-akcji-reinhardt\/\">\n                <span>\n            <svg class=\"dashicon\" role=\"img\" focusable=\"false\" xmlns=\"http:\/\/www.w3.org\/2000\/svg\" width=\"20\" height=\"20\" viewBox=\"0 0 24 24\">\n                <path d=\"M13.744 8s1.522-8-3.335-8h-8.409v24h20v-13c0-3.419-5.247-3.745-8.256-3zm4.256 11h-12v-1h12v1zm0-3h-12v-1h12v1zm0-3h-12v-1h12v1zm-3.432-12.925c2.202 1.174 5.938 4.883 7.432 6.881-1.286-.9-4.044-1.657-6.091-1.179.222-1.468-.185-4.534-1.341-5.702z\"\/>\n            <\/svg><\/span>\n            <\/a>\n        \n            <\/div>\n        \n\n                <div class=\"sogrid__entry__content\">\n\n                    \n\n                    <h3 class=\"sogrid__entry__title\">\n                        <a href=\"https:\/\/grabowiec.pl\/ug\/index.php\/2026\/03\/12\/grabowiec-uczcil-ofiary-akcji-reinhardt\/\">GRABOWIEC UCZCI\u0141 OFIARY AKCJI \u201eREINHARDT\u201d<\/a>\n                    <\/h3>\n\n                    <div class=\"sogrid__entry__meta\"><span class=\"sogrid__entry__date\">2026-03-12<\/span><\/div>\n                    \n                    <div class=\"sogrid__entry__excerpt\">Pami\u0119\u0107, kt\u00f3ra nie znika: Grabowiec uczci\u0142 ofiary akcji \u201eReinhardt\u201d W dniu 10 marca 2026 roku&#8230;<\/div>\n\n                    \n\n                <\/div>\n\n            <\/article>\n                      \n            <article class=\"sogrid__entry sogrid__entry--has-thumbnail\">\n            \n                \n            <div class=\"sogrid__entry__thumbnail\">\n                <img decoding=\"async\" src=\"https:\/\/grabowiec.pl\/ug\/wp-content\/uploads\/2026\/03\/P1910804-1024x768.jpg\" alt=\"DELEGACJA Z GMINY GRABOWIEC NA UROCZYSTO\u015aCIACH W KA\u0141USZYNIE\" \/>\n                \n            <a class=\"sogrid__entry__format\" data-format=\"\" href=\"https:\/\/grabowiec.pl\/ug\/index.php\/2026\/03\/04\/delegacja-z-gminy-grabowiec-na-uroczystosciach-w-kaluszynie\/\">\n                <span>\n            <svg class=\"dashicon\" role=\"img\" focusable=\"false\" xmlns=\"http:\/\/www.w3.org\/2000\/svg\" width=\"20\" height=\"20\" viewBox=\"0 0 24 24\">\n                <path d=\"M13.744 8s1.522-8-3.335-8h-8.409v24h20v-13c0-3.419-5.247-3.745-8.256-3zm4.256 11h-12v-1h12v1zm0-3h-12v-1h12v1zm0-3h-12v-1h12v1zm-3.432-12.925c2.202 1.174 5.938 4.883 7.432 6.881-1.286-.9-4.044-1.657-6.091-1.179.222-1.468-.185-4.534-1.341-5.702z\"\/>\n            <\/svg><\/span>\n            <\/a>\n        \n            <\/div>\n        \n\n                <div class=\"sogrid__entry__content\">\n\n                    \n\n                    <h3 class=\"sogrid__entry__title\">\n                        <a href=\"https:\/\/grabowiec.pl\/ug\/index.php\/2026\/03\/04\/delegacja-z-gminy-grabowiec-na-uroczystosciach-w-kaluszynie\/\">DELEGACJA Z GMINY GRABOWIEC NA UROCZYSTO\u015aCIACH W KA\u0141USZYNIE<\/a>\n                    <\/h3>\n\n                    <div class=\"sogrid__entry__meta\"><span class=\"sogrid__entry__date\">2026-03-04<\/span><\/div>\n                    \n                    <div class=\"sogrid__entry__excerpt\">W dniu 3 marca 2026 roku odby\u0142y si\u0119 wyj\u0105tkowe uroczysto\u015bci upami\u0119tniaj\u0105ce 83. ROCZNIC\u0118 PRZYJ\u0118CIA DZIECI&#8230;<\/div>\n\n                    \n\n                <\/div>\n\n            <\/article>\n                      \n            <article class=\"sogrid__entry sogrid__entry--has-thumbnail\">\n            \n                \n            <div class=\"sogrid__entry__thumbnail\">\n                <img decoding=\"async\" src=\"https:\/\/grabowiec.pl\/ug\/wp-content\/uploads\/2026\/02\/20260222-TYT-1-1024x769.jpg\" alt=\"HALOWE ZAWODY SPORTOWO-PO\u017bARNICZE MDP\" \/>\n                \n            <a class=\"sogrid__entry__format\" data-format=\"\" href=\"https:\/\/grabowiec.pl\/ug\/index.php\/2026\/02\/23\/halowe-zawody-sportowo-pozarnicze-mdp\/\">\n                <span>\n            <svg class=\"dashicon\" role=\"img\" focusable=\"false\" xmlns=\"http:\/\/www.w3.org\/2000\/svg\" width=\"20\" height=\"20\" viewBox=\"0 0 24 24\">\n                <path d=\"M13.744 8s1.522-8-3.335-8h-8.409v24h20v-13c0-3.419-5.247-3.745-8.256-3zm4.256 11h-12v-1h12v1zm0-3h-12v-1h12v1zm0-3h-12v-1h12v1zm-3.432-12.925c2.202 1.174 5.938 4.883 7.432 6.881-1.286-.9-4.044-1.657-6.091-1.179.222-1.468-.185-4.534-1.341-5.702z\"\/>\n            <\/svg><\/span>\n            <\/a>\n        \n            <\/div>\n        \n\n                <div class=\"sogrid__entry__content\">\n\n                    \n\n                    <h3 class=\"sogrid__entry__title\">\n                        <a href=\"https:\/\/grabowiec.pl\/ug\/index.php\/2026\/02\/23\/halowe-zawody-sportowo-pozarnicze-mdp\/\">HALOWE ZAWODY SPORTOWO-PO\u017bARNICZE MDP<\/a>\n                    <\/h3>\n\n                    <div class=\"sogrid__entry__meta\"><span class=\"sogrid__entry__date\">2026-02-23<\/span><\/div>\n                    \n                    <div class=\"sogrid__entry__excerpt\">22 lutego 2026, w hali sportowej Zespo\u0142u Szk\u00f3\u0142 im. H. Sienkiewicza w Grabowcu, w ramach&#8230;<\/div>\n\n                    \n\n                <\/div>\n\n            <\/article>\n                      \n            <article class=\"sogrid__entry sogrid__entry--has-thumbnail\">\n            \n                \n            <div class=\"sogrid__entry__thumbnail\">\n                <img decoding=\"async\" src=\"https:\/\/grabowiec.pl\/ug\/wp-content\/uploads\/2026\/02\/tyt-1024x768.jpg\" alt=\"WIELKIE EMOCJE PODCZAS TURNIEJU W GRABOWCU\" \/>\n                \n            <a class=\"sogrid__entry__format\" data-format=\"\" href=\"https:\/\/grabowiec.pl\/ug\/index.php\/2026\/02\/17\/walentynki-na-sportowo-wielkie-emocje-podczas-turnieju-w-grabowcu\/\">\n                <span>\n            <svg class=\"dashicon\" role=\"img\" focusable=\"false\" xmlns=\"http:\/\/www.w3.org\/2000\/svg\" width=\"20\" height=\"20\" viewBox=\"0 0 24 24\">\n                <path d=\"M13.744 8s1.522-8-3.335-8h-8.409v24h20v-13c0-3.419-5.247-3.745-8.256-3zm4.256 11h-12v-1h12v1zm0-3h-12v-1h12v1zm0-3h-12v-1h12v1zm-3.432-12.925c2.202 1.174 5.938 4.883 7.432 6.881-1.286-.9-4.044-1.657-6.091-1.179.222-1.468-.185-4.534-1.341-5.702z\"\/>\n            <\/svg><\/span>\n            <\/a>\n        \n            <\/div>\n        \n\n                <div class=\"sogrid__entry__content\">\n\n                    \n\n                    <h3 class=\"sogrid__entry__title\">\n                        <a href=\"https:\/\/grabowiec.pl\/ug\/index.php\/2026\/02\/17\/walentynki-na-sportowo-wielkie-emocje-podczas-turnieju-w-grabowcu\/\">WIELKIE EMOCJE PODCZAS TURNIEJU W GRABOWCU<\/a>\n                    <\/h3>\n\n                    <div class=\"sogrid__entry__meta\"><span class=\"sogrid__entry__date\">2026-02-17<\/span><\/div>\n                    \n                    <div class=\"sogrid__entry__excerpt\">W minion\u0105 sobot\u0119, 14 lutego 2026 roku, hala sportowa Zespo\u0142u Szk\u00f3\u0142 im. H. Sienkiewicza w&#8230;<\/div>\n\n                    \n\n                <\/div>\n\n            <\/article>\n                      \n            <article class=\"sogrid__entry sogrid__entry--has-thumbnail\">\n            \n                \n            <div class=\"sogrid__entry__thumbnail\">\n                <img decoding=\"async\" src=\"https:\/\/grabowiec.pl\/ug\/wp-content\/uploads\/2026\/02\/20260210-TYT-1024x768.jpg\" alt=\"83. ROCZNICA WYSIEDLENIA GRABOWCA I OKOLIC\" \/>\n                \n            <a class=\"sogrid__entry__format\" data-format=\"\" href=\"https:\/\/grabowiec.pl\/ug\/index.php\/2026\/02\/11\/83-rocznica-wysiedlenia-grabowca-i-okolic\/\">\n                <span>\n            <svg class=\"dashicon\" role=\"img\" focusable=\"false\" xmlns=\"http:\/\/www.w3.org\/2000\/svg\" width=\"20\" height=\"20\" viewBox=\"0 0 24 24\">\n                <path d=\"M13.744 8s1.522-8-3.335-8h-8.409v24h20v-13c0-3.419-5.247-3.745-8.256-3zm4.256 11h-12v-1h12v1zm0-3h-12v-1h12v1zm0-3h-12v-1h12v1zm-3.432-12.925c2.202 1.174 5.938 4.883 7.432 6.881-1.286-.9-4.044-1.657-6.091-1.179.222-1.468-.185-4.534-1.341-5.702z\"\/>\n            <\/svg><\/span>\n            <\/a>\n        \n            <\/div>\n        \n\n                <div class=\"sogrid__entry__content\">\n\n                    \n\n                    <h3 class=\"sogrid__entry__title\">\n                        <a href=\"https:\/\/grabowiec.pl\/ug\/index.php\/2026\/02\/11\/83-rocznica-wysiedlenia-grabowca-i-okolic\/\">83. ROCZNICA WYSIEDLENIA GRABOWCA I OKOLIC<\/a>\n                    <\/h3>\n\n                    <div class=\"sogrid__entry__meta\"><span class=\"sogrid__entry__date\">2026-02-11<\/span><\/div>\n                    \n                    <div class=\"sogrid__entry__excerpt\">We wtorek, 10 lutego 2026 roku, spo\u0142eczno\u015b\u0107 Grabowca,&nbsp; uczci\u0142a&nbsp;uroczy\u015bcie&nbsp;83. rocznic\u0119 wysiedlenia mieszka\u0144c\u00f3w, tej i okolicznych&#8230;<\/div>\n\n                    \n\n                <\/div>\n\n            <\/article>\n                      \n            <article class=\"sogrid__entry sogrid__entry--has-thumbnail\">\n            \n                \n            <div class=\"sogrid__entry__thumbnail\">\n                <img decoding=\"async\" src=\"https:\/\/grabowiec.pl\/ug\/wp-content\/uploads\/2026\/01\/zs.jpg\" alt=\"NIEODP\u0141ATNE PRZEKAZANIE SPRZ\u0118TU\" \/>\n                \n            <a class=\"sogrid__entry__format\" data-format=\"\" href=\"https:\/\/grabowiec.pl\/ug\/index.php\/2026\/01\/30\/nieodplatne-przekazanie-sprzetu\/\">\n                <span>\n            <svg class=\"dashicon\" role=\"img\" focusable=\"false\" xmlns=\"http:\/\/www.w3.org\/2000\/svg\" width=\"20\" height=\"20\" viewBox=\"0 0 24 24\">\n                <path d=\"M13.744 8s1.522-8-3.335-8h-8.409v24h20v-13c0-3.419-5.247-3.745-8.256-3zm4.256 11h-12v-1h12v1zm0-3h-12v-1h12v1zm0-3h-12v-1h12v1zm-3.432-12.925c2.202 1.174 5.938 4.883 7.432 6.881-1.286-.9-4.044-1.657-6.091-1.179.222-1.468-.185-4.534-1.341-5.702z\"\/>\n            <\/svg><\/span>\n            <\/a>\n        \n            <\/div>\n        \n\n                <div class=\"sogrid__entry__content\">\n\n                    \n\n                    <h3 class=\"sogrid__entry__title\">\n                        <a href=\"https:\/\/grabowiec.pl\/ug\/index.php\/2026\/01\/30\/nieodplatne-przekazanie-sprzetu\/\">NIEODP\u0141ATNE PRZEKAZANIE SPRZ\u0118TU<\/a>\n                    <\/h3>\n\n                    <div class=\"sogrid__entry__meta\"><span class=\"sogrid__entry__date\">2026-01-30<\/span><\/div>\n                    \n                    <div class=\"sogrid__entry__excerpt\">Nieodp\u0142atne przekazanie sprz\u0119tu w ramach projektu KPO dla uczni\u00f3w szk\u00f3\u0142 prowadzonych przez Gmin\u0119 Grabowiec Gmina&#8230;<\/div>\n\n                    \n\n                <\/div>\n\n            <\/article>\n                      \n            <article class=\"sogrid__entry sogrid__entry--has-thumbnail\">\n            \n                \n            <div class=\"sogrid__entry__thumbnail\">\n                <img decoding=\"async\" src=\"https:\/\/grabowiec.pl\/ug\/wp-content\/uploads\/2026\/01\/tyt-2-1024x768.jpg\" alt=\"SPOTKANIE OP\u0141ATKOWE Z NARAD\u0104 ROCZN\u0104 KM PSP\" \/>\n                \n            <a class=\"sogrid__entry__format\" data-format=\"\" href=\"https:\/\/grabowiec.pl\/ug\/index.php\/2026\/01\/29\/spotkanie-oplatkowe-z-narada-roczna-km-psp\/\">\n                <span>\n            <svg class=\"dashicon\" role=\"img\" focusable=\"false\" xmlns=\"http:\/\/www.w3.org\/2000\/svg\" width=\"20\" height=\"20\" viewBox=\"0 0 24 24\">\n                <path d=\"M13.744 8s1.522-8-3.335-8h-8.409v24h20v-13c0-3.419-5.247-3.745-8.256-3zm4.256 11h-12v-1h12v1zm0-3h-12v-1h12v1zm0-3h-12v-1h12v1zm-3.432-12.925c2.202 1.174 5.938 4.883 7.432 6.881-1.286-.9-4.044-1.657-6.091-1.179.222-1.468-.185-4.534-1.341-5.702z\"\/>\n            <\/svg><\/span>\n            <\/a>\n        \n            <\/div>\n        \n\n                <div class=\"sogrid__entry__content\">\n\n                    \n\n                    <h3 class=\"sogrid__entry__title\">\n                        <a href=\"https:\/\/grabowiec.pl\/ug\/index.php\/2026\/01\/29\/spotkanie-oplatkowe-z-narada-roczna-km-psp\/\">SPOTKANIE OP\u0141ATKOWE Z NARAD\u0104 ROCZN\u0104 KM PSP<\/a>\n                    <\/h3>\n\n                    <div class=\"sogrid__entry__meta\"><span class=\"sogrid__entry__date\">2026-01-29<\/span><\/div>\n                    \n                    <div class=\"sogrid__entry__excerpt\">24 stycznia 2026r., w hali sportowej przy Szkole Podstawowej w Cze\u015bnikach, zorganizowano ju\u017c po raz&#8230;<\/div>\n\n                    \n\n                <\/div>\n\n            <\/article>\n                      \n            <article class=\"sogrid__entry sogrid__entry--has-thumbnail\">\n            \n                \n            <div class=\"sogrid__entry__thumbnail\">\n                <img decoding=\"async\" src=\"https:\/\/grabowiec.pl\/ug\/wp-content\/uploads\/2026\/01\/tyt-1-1024x768.jpg\" alt=\"PRZEKAZANIE TABLICY\" \/>\n                \n            <a class=\"sogrid__entry__format\" data-format=\"\" href=\"https:\/\/grabowiec.pl\/ug\/index.php\/2026\/01\/20\/przekazanie-tablicy\/\">\n                <span>\n            <svg class=\"dashicon\" role=\"img\" focusable=\"false\" xmlns=\"http:\/\/www.w3.org\/2000\/svg\" width=\"20\" height=\"20\" viewBox=\"0 0 24 24\">\n                <path d=\"M13.744 8s1.522-8-3.335-8h-8.409v24h20v-13c0-3.419-5.247-3.745-8.256-3zm4.256 11h-12v-1h12v1zm0-3h-12v-1h12v1zm0-3h-12v-1h12v1zm-3.432-12.925c2.202 1.174 5.938 4.883 7.432 6.881-1.286-.9-4.044-1.657-6.091-1.179.222-1.468-.185-4.534-1.341-5.702z\"\/>\n            <\/svg><\/span>\n            <\/a>\n        \n            <\/div>\n        \n\n                <div class=\"sogrid__entry__content\">\n\n                    \n\n                    <h3 class=\"sogrid__entry__title\">\n                        <a href=\"https:\/\/grabowiec.pl\/ug\/index.php\/2026\/01\/20\/przekazanie-tablicy\/\">PRZEKAZANIE TABLICY<\/a>\n                    <\/h3>\n\n                    <div class=\"sogrid__entry__meta\"><span class=\"sogrid__entry__date\">2026-01-20<\/span><\/div>\n                    \n                    <div class=\"sogrid__entry__excerpt\">7 stycznia 2026 roku w Urz\u0119dzie Marsza\u0142kowskim Wojew\u00f3dztwa Lubelskiego odby\u0142a si\u0119 uroczysto\u015b\u0107 przekazania tablic upami\u0119tniaj\u0105cych&#8230;<\/div>\n\n                    \n\n                <\/div>\n\n            <\/article>\n                      \n            <article class=\"sogrid__entry sogrid__entry--has-thumbnail\">\n            \n                \n            <div class=\"sogrid__entry__thumbnail\">\n                <img decoding=\"async\" src=\"https:\/\/grabowiec.pl\/ug\/wp-content\/uploads\/2026\/01\/IMG_1891-1024x767.jpg\" alt=\"ORSZAK TRZECH KR\u00d3LI 2026\" \/>\n                \n            <a class=\"sogrid__entry__format\" data-format=\"\" href=\"https:\/\/grabowiec.pl\/ug\/index.php\/2026\/01\/07\/orszak-trzech-kroli-2026\/\">\n                <span>\n            <svg class=\"dashicon\" role=\"img\" focusable=\"false\" xmlns=\"http:\/\/www.w3.org\/2000\/svg\" width=\"20\" height=\"20\" viewBox=\"0 0 24 24\">\n                <path d=\"M13.744 8s1.522-8-3.335-8h-8.409v24h20v-13c0-3.419-5.247-3.745-8.256-3zm4.256 11h-12v-1h12v1zm0-3h-12v-1h12v1zm0-3h-12v-1h12v1zm-3.432-12.925c2.202 1.174 5.938 4.883 7.432 6.881-1.286-.9-4.044-1.657-6.091-1.179.222-1.468-.185-4.534-1.341-5.702z\"\/>\n            <\/svg><\/span>\n            <\/a>\n        \n            <\/div>\n        \n\n                <div class=\"sogrid__entry__content\">\n\n                    \n\n                    <h3 class=\"sogrid__entry__title\">\n                        <a href=\"https:\/\/grabowiec.pl\/ug\/index.php\/2026\/01\/07\/orszak-trzech-kroli-2026\/\">ORSZAK TRZECH KR\u00d3LI 2026<\/a>\n                    <\/h3>\n\n                    <div class=\"sogrid__entry__meta\"><span class=\"sogrid__entry__date\">2026-01-07<\/span><\/div>\n                    \n                    <div class=\"sogrid__entry__excerpt\">Tegoroczny Orszak przebiega\u0142 pod has\u0142em: Nadziej\u0105 si\u0119 ciesz\u0105. Po raz kolejny do\u0142\u0105czyli\u015bmy do najwi\u0119kszych ulicznych&#8230;<\/div>\n\n                    \n\n                <\/div>\n\n            <\/article>\n                      \n            <article class=\"sogrid__entry sogrid__entry--has-thumbnail\">\n            \n                \n            <div class=\"sogrid__entry__thumbnail\">\n                <img decoding=\"async\" src=\"https:\/\/grabowiec.pl\/ug\/wp-content\/uploads\/2025\/12\/IMG_1459-1-1024x768.jpg\" alt=\"ZAPROSZENIE DO WSP\u00d3\u0141PRACY\" \/>\n                \n            <a class=\"sogrid__entry__format\" data-format=\"\" href=\"https:\/\/grabowiec.pl\/ug\/index.php\/2025\/12\/18\/zaproszenie-do-wspolpracy\/\">\n                <span>\n            <svg class=\"dashicon\" role=\"img\" focusable=\"false\" xmlns=\"http:\/\/www.w3.org\/2000\/svg\" width=\"20\" height=\"20\" viewBox=\"0 0 24 24\">\n                <path d=\"M13.744 8s1.522-8-3.335-8h-8.409v24h20v-13c0-3.419-5.247-3.745-8.256-3zm4.256 11h-12v-1h12v1zm0-3h-12v-1h12v1zm0-3h-12v-1h12v1zm-3.432-12.925c2.202 1.174 5.938 4.883 7.432 6.881-1.286-.9-4.044-1.657-6.091-1.179.222-1.468-.185-4.534-1.341-5.702z\"\/>\n            <\/svg><\/span>\n            <\/a>\n        \n            <\/div>\n        \n\n                <div class=\"sogrid__entry__content\">\n\n                    \n\n                    <h3 class=\"sogrid__entry__title\">\n                        <a href=\"https:\/\/grabowiec.pl\/ug\/index.php\/2025\/12\/18\/zaproszenie-do-wspolpracy\/\">ZAPROSZENIE DO WSP\u00d3\u0141PRACY<\/a>\n                    <\/h3>\n\n                    <div class=\"sogrid__entry__meta\"><span class=\"sogrid__entry__date\">2025-12-18<\/span><\/div>\n                    \n                    <div class=\"sogrid__entry__excerpt\">WIRTUALNA STRZELNICA W GMINIE GRABOWIEC Gmina Grabowiec wraz z Zespo\u0142em Szk\u00f3\u0142 im. Henryka Sienkiewicza w&#8230;<\/div>\n\n                    \n\n                <\/div>\n\n            <\/article><\/div>\n\n                    \n\n                <\/div>\n\n\n<p class=\"has-text-align-center\"><strong><a href=\"https:\/\/grabowiec.pl\/ug\/index.php\/category\/wydarzenia\/\">WI\u0118CEJ AKTUALNO\u015aCI<\/a><\/strong><\/p>\n\n\n\n<hr class=\"wp-block-separator has-alpha-channel-opacity\"\/>\n\n\n\n<p class=\"has-text-align-left has-larger-font-size\"><strong><a href=\"https:\/\/grabowiec.pl\/ug\/index.php\/category\/informacje\/\">INFORMACJE<\/a><\/strong><\/p>\n\n\n\n                <style>\n            #sogrid-1676025811266.sogrid--normal{\n                font-size: 16px;\n                padding: 20px 0px 20px 0px;\n                margin-top: 0px;\n                margin-bottom: 20px;\n                background-color: rgba(0,0,0,0);\n            }\n\n            #sogrid-1676025811266.sogrid--normal .sogrid__entry__title a,\n            #sogrid-1676025811266.sogrid--normal .sogrid__entry__title a:focus,\n            #sogrid-1676025811266.sogrid--normal .sogrid__entry__title a:hover,\n            #sogrid-1676025811266.sogrid--normal .sogrid__entry__title a:visited{\n                color: #636e72;\n            }\n    \n            #sogrid-1676025811266.sogrid--normal .sogrid__entry__meta{\n                color: #777777;\n            }\n    \n            #sogrid-1676025811266.sogrid--normal .sogrid__entry__meta .sogrid__entry__author,\n            #sogrid-1676025811266.sogrid--normal .sogrid__entry__meta .sogrid__entry__author:focus,\n            #sogrid-1676025811266.sogrid--normal .sogrid__entry__meta .sogrid__entry__author:hover,\n            #sogrid-1676025811266.sogrid--normal .sogrid__entry__meta .sogrid__entry__author:visited{\n                color: #777777;\n            }\n\n            #sogrid-1676025811266.sogrid--normal .sogrid__entry__categories a,\n            #sogrid-1676025811266.sogrid--normal .sogrid__entry__categories a:focus,\n            #sogrid-1676025811266.sogrid--normal .sogrid__entry__categories a:hover,\n            #sogrid-1676025811266.sogrid--normal .sogrid__entry__categories a:visited{\n                color: #e53935;\n            }\n    \n            #sogrid-1676025811266.sogrid--normal .sogrid__entry__excerpt{\n                color: #555555;\n            }\n    \n            #sogrid-1676025811266.sogrid--normal .sogrid__entry__readmore,\n            #sogrid-1676025811266.sogrid--normal .sogrid__entry__readmore:focus,\n            #sogrid-1676025811266.sogrid--normal .sogrid__entry__readmore:hover,\n            #sogrid-1676025811266.sogrid--normal .sogrid__entry__readmore:visited{\n                color: #ffffff;\n                background-color: #d32f2f;\n            }   \n\n            #sogrid-1676025811266.sogrid--normal .sogrid__pagination span{\n                color: #333333;\n                background-color: #e9e9e9;\n            }\n    \n            #sogrid-1676025811266.sogrid--normal .sogrid__pagination span.__active{\n                color: #ffffff;\n                background-color: #d32f2f;\n            }\n\n\n            @media all and (min-width: 768px) {\n                #sogrid-1676025811266.sogrid--normal{\n                    font-size: 16px;\n                }\n            }\n    \n            @media all and (min-width: 992px) {\n                #sogrid-1676025811266.sogrid--normal{\n                    font-size: 16px;\n                }\n            }\n\n        <\/style>\n\n                <script>var sogrid_1676025811266 = {\"uid\":\"sogrid-1676025811266\",\"isAuthorVisible\":false,\"areCategoriesVisible\":false,\"categoriesSelected\":[{\"id\":5,\"slug\":\"informacje\"}],\"postsNumber\":4,\"columns\":4,\"titleColor\":\"#636e72\",\"isReadMoreVisible\":false,\"isDateVisible\":true,\"tabletColumns\":2,\"mobileColumns\":1,\"fontSize\":16,\"tabletFontSize\":16,\"mobileFontSize\":16,\"categoryColor\":\"#e53935\",\"excerptColor\":\"#555555\",\"readmoreColor\":\"#ffffff\",\"readmoreBGColor\":\"#d32f2f\",\"authorColor\":\"#777777\",\"dateColor\":\"#777777\",\"hasBorderedImage\":false,\"marginTop\":0,\"marginBottom\":20,\"paddingTop\":20,\"paddingBottom\":20,\"paddingLeft\":0,\"paddingRight\":0,\"backgroundColor\":\"rgba(0,0,0,0)\",\"isExcerptVisible\":true,\"isPaginationEnabled\":false,\"paginationMaxPages\":3,\"paginationPos\":\"top\",\"paginationColor\":\"#333333\",\"paginationBgColor\":\"#e9e9e9\",\"paginationActiveColor\":\"#ffffff\",\"paginationActiveBgColor\":\"#d32f2f\",\"readMoreText\":\"Read More\",\"postsOrder\":\"date\"};<\/script>\n\n                <div\n                    id=sogrid-1676025811266\n                    class=\"sogrid sogrid--normal\"\n                    data-desktop=\"4\"\n                    data-tablet=\"2\"\n                    data-mobile=\"1\"\n                >\n\n                    \n\n                    <div class=\"sogrid__posts\" data-page=\"1\">\n\n            <article class=\"sogrid__entry\">\n\n                \n\n                <div class=\"sogrid__entry__content\">\n\n                    \n\n                    <h3 class=\"sogrid__entry__title\">\n                        <a href=\"https:\/\/grabowiec.pl\/ug\/index.php\/2026\/04\/29\/dofinansowanie-pracodawcom-kosztow-ksztalcenia-mlodocianych-pracownikow\/\">DOFINANSOWANIE PRACODAWCOM KOSZT\u00d3W KSZTA\u0141CENIA M\u0141ODOCIANYCH PRACOWNIK\u00d3W<\/a>\n                    <\/h3>\n\n                    <div class=\"sogrid__entry__meta\"><span class=\"sogrid__entry__date\">2026-04-29<\/span><\/div>\n\n                    <div class=\"sogrid__entry__excerpt\">Pracodawcy, kt\u00f3rzy zawarli z m\u0142odocianymi pracownikami umow\u0119 o prac\u0119 w celu przygotowania zawodowego, mog\u0105 ubiega\u0107&#8230;<\/div>\n\n                    \n\n                <\/div>\n\n            <\/article>\n\n            <article class=\"sogrid__entry\">\n\n                \n\n                <div class=\"sogrid__entry__content\">\n\n                    \n\n                    <h3 class=\"sogrid__entry__title\">\n                        <a href=\"https:\/\/grabowiec.pl\/ug\/index.php\/2026\/04\/29\/dofinansowanie-kosztow-praktyki-absolwenckiej\/\">DOFINANSOWANIE KOSZT\u00d3W PRAKTYKI ABSOLWENCKIEJ<\/a>\n                    <\/h3>\n\n                    <div class=\"sogrid__entry__meta\"><span class=\"sogrid__entry__date\">2026-04-29<\/span><\/div>\n\n                    <div class=\"sogrid__entry__excerpt\">Pracodawca, kt\u00f3ry zawar\u0142 umow\u0119 z praktykantem tj. niepe\u0142noletnim absolwentem szko\u0142y ponadpodstawowej, kt\u00f3ry spe\u0142nia obowi\u0105zek nauki&#8230;<\/div>\n\n                    \n\n                <\/div>\n\n            <\/article>\n\n            <article class=\"sogrid__entry\">\n\n                \n\n                <div class=\"sogrid__entry__content\">\n\n                    \n\n                    <h3 class=\"sogrid__entry__title\">\n                        <a href=\"https:\/\/grabowiec.pl\/ug\/index.php\/2026\/03\/12\/rozporzadzenie-nr-8-wojewody-lubelskiego\/\">ROZPORZ\u0104DZENIE NR 8 WOJEWODY LUBELSKIEGO<\/a>\n                    <\/h3>\n\n                    <div class=\"sogrid__entry__meta\"><span class=\"sogrid__entry__date\">2026-03-12<\/span><\/div>\n\n                    <div class=\"sogrid__entry__excerpt\">z dnia 6 marca 2026 r. w sprawie przeciwdzia\u0142ania rozprzestrzenianiu si\u0119 wysoce zjadliwej grypy ptak\u00f3w&#8230;<\/div>\n\n                    \n\n                <\/div>\n\n            <\/article>\n\n            <article class=\"sogrid__entry\">\n\n                \n\n                <div class=\"sogrid__entry__content\">\n\n                    \n\n                    <h3 class=\"sogrid__entry__title\">\n                        <a href=\"https:\/\/grabowiec.pl\/ug\/index.php\/2026\/03\/10\/zmiana-terminu-przyjec\/\">ZMIANA TERMINU PRZYJ\u0118\u0106<\/a>\n                    <\/h3>\n\n                    <div class=\"sogrid__entry__meta\"><span class=\"sogrid__entry__date\">2026-03-10<\/span><\/div>\n\n                    <div class=\"sogrid__entry__excerpt\">ZMIANA TERMINU PRZYJ\u0118\u0106 PUNKT KONSULTACYJNO-INFORMACYJNY (SIEDZIBA PUNKTU GOK W GRABOWCU) DLA OS\u00d3B UZALE\u017bNIONYCH I ICH&#8230;<\/div>\n\n                    \n\n                <\/div>\n\n            <\/article><\/div>\n\n                    \n\n                <\/div>\n\n\n<p class=\"has-text-align-center\"><br><strong><a href=\"https:\/\/grabowiec.pl\/ug\/index.php\/category\/informacje\/\">WI\u0118CEJ INFORMACJI<\/a><\/strong><\/p>\n\n\n\n<hr class=\"wp-block-separator has-alpha-channel-opacity\"\/>\n\n\n\n<p class=\"has-text-align-left has-larger-font-size\"><strong><a href=\"https:\/\/grabowiec.pl\/ug\/index.php\/category\/ogloszenia\/\">OG\u0141OSZENIA<\/a><\/strong><\/p>\n\n\n\n                <style>\n            #sogrid-1676210774099.sogrid--oos1{\n                font-size: 16px;\n                background-color: rgba(0,0,0,0);\n                margin-top: 0px;\n                margin-bottom: 20px;\n            }\n\n            #sogrid-1676210774099.sogrid--oos1 .sogrid__others,\n            #sogrid-1676210774099.sogrid--oos1 .sogrid__others .sogrid__entry,        \n            #sogrid-1676210774099.sogrid--oos1 .sogrid__one{\n                border-color: #f6f6f6;\n            }\n\n            #sogrid-1676210774099.sogrid--oos1 .sogrid__entry__title a,\n            #sogrid-1676210774099.sogrid--oos1 .sogrid__entry__title a:focus,\n            #sogrid-1676210774099.sogrid--oos1 .sogrid__entry__title a:hover,\n            #sogrid-1676210774099.sogrid--oos1 .sogrid__entry__title a:visited{\n                color: #2d3436;\n            }\n    \n            #sogrid-1676210774099.sogrid--oos1 .sogrid__entry__meta{\n                color: #777777;\n            }\n    \n            #sogrid-1676210774099.sogrid--oos1 .sogrid__entry__meta .sogrid__entry__author,\n            #sogrid-1676210774099.sogrid--oos1 .sogrid__entry__meta .sogrid__entry__author:hover,\n            #sogrid-1676210774099.sogrid--oos1 .sogrid__entry__meta .sogrid__entry__author:focus,\n            #sogrid-1676210774099.sogrid--oos1 .sogrid__entry__meta .sogrid__entry__author:visited{\n                color: #777777;\n            }\n\n            #sogrid-1676210774099.sogrid--oos1 .sogrid__entry__categories a,\n            #sogrid-1676210774099.sogrid--oos1 .sogrid__entry__categories a:hover,\n            #sogrid-1676210774099.sogrid--oos1 .sogrid__entry__categories a:focus,\n            #sogrid-1676210774099.sogrid--oos1 .sogrid__entry__categories a:visited{\n                color: #e53935;\n            }\n    \n            #sogrid-1676210774099.sogrid--oos1 .sogrid__entry__excerpt{\n                color: #555555;\n            }\n    \n            #sogrid-1676210774099.sogrid--oos1 .sogrid__entry__readmore,\n            #sogrid-1676210774099.sogrid--oos1 .sogrid__entry__readmore:hover,\n            #sogrid-1676210774099.sogrid--oos1 .sogrid__entry__readmore:focus,\n            #sogrid-1676210774099.sogrid--oos1 .sogrid__entry__readmore:visited{\n                color: #ffffff;\n                background-color: #d32f2f;\n            }   \n\n            #sogrid-1676210774099.sogrid--oos1 .sogrid__pagination{\n                border-color: #f6f6f6;\n            }\n            \n            #sogrid-1676210774099.sogrid--oos1 .sogrid__pagination span{\n                color: #333333;\n                background-color: #e9e9e9;\n            }\n    \n            #sogrid-1676210774099.sogrid--oos1 .sogrid__pagination span.__active{\n                color: #ffffff;\n                background-color: #d32f2f;\n            }\n\n            @media all and (min-width: 768px) {\n                #sogrid-1676210774099.sogrid--oos1{\n                    font-size: 16px;\n                }\n            }\n    \n            @media all and (min-width: 992px) {\n                #sogrid-1676210774099.sogrid--oos1{\n                    font-size: 16px;\n                }\n            }\n\n        <\/style>\n\n                <script>var sogrid_1676210774099 = {\"uid\":\"sogrid-1676210774099\",\"isAuthorVisible\":false,\"areCategoriesVisible\":false,\"categoriesSelected\":[{\"id\":9,\"slug\":\"ogloszenia\"}],\"postsNumber\":5,\"titleColor\":\"#2d3436\",\"borderColor\":\"#f6f6f6\",\"isReadMoreVisible\":false,\"isDateVisible\":true,\"maxColumns\":2,\"columns\":2,\"tabletColumns\":2,\"mobileColumns\":1,\"fontSize\":16,\"tabletFontSize\":16,\"mobileFontSize\":16,\"backgroundColor\":\"rgba(0,0,0,0)\",\"categoryColor\":\"#e53935\",\"excerptColor\":\"#555555\",\"readmoreColor\":\"#ffffff\",\"readmoreBGColor\":\"#d32f2f\",\"authorColor\":\"#777777\",\"dateColor\":\"#777777\",\"hasBorderedImage\":false,\"marginTop\":0,\"marginBottom\":20,\"isExcerptVisible\":true,\"isPaginationEnabled\":false,\"paginationMaxPages\":3,\"paginationPos\":\"top\",\"paginationColor\":\"#333333\",\"paginationBgColor\":\"#e9e9e9\",\"paginationActiveColor\":\"#ffffff\",\"paginationActiveBgColor\":\"#d32f2f\",\"readMoreText\":\"Read More\",\"postsOrder\":\"date\"};<\/script>\n\n                <div\n                    id=sogrid-1676210774099\n                    class=\"sogrid sogrid--oos1\"\n                    data-desktop=\"2\"\n                    data-tablet=\"2\"\n                    data-mobile=\"1\"\n                >\n\n                    \n\n                    <div class=\"sogrid__posts\" data-page=\"1\"><div class=\"sogrid__one\">\n                      \n            <article class=\"sogrid__entry sogrid__entry--has-thumbnail\">\n            \n                \n            <div class=\"sogrid__entry__thumbnail\">\n                <img decoding=\"async\" src=\"https:\/\/grabowiec.pl\/ug\/wp-content\/uploads\/2024\/04\/FlagaPLmaterial-1024x661.jpg\" alt=\"ROCZNICA UCHWALENIA KONSTYTUCJI 3 MAJA\" \/>\n                \n            <a class=\"sogrid__entry__format\" data-format=\"\" href=\"https:\/\/grabowiec.pl\/ug\/index.php\/2026\/04\/27\/rocznica-uchwalenia-konstytucji-3-maja-3\/\">\n                <span>\n            <svg class=\"dashicon\" role=\"img\" focusable=\"false\" xmlns=\"http:\/\/www.w3.org\/2000\/svg\" width=\"20\" height=\"20\" viewBox=\"0 0 24 24\">\n                <path d=\"M13.744 8s1.522-8-3.335-8h-8.409v24h20v-13c0-3.419-5.247-3.745-8.256-3zm4.256 11h-12v-1h12v1zm0-3h-12v-1h12v1zm0-3h-12v-1h12v1zm-3.432-12.925c2.202 1.174 5.938 4.883 7.432 6.881-1.286-.9-4.044-1.657-6.091-1.179.222-1.468-.185-4.534-1.341-5.702z\"\/>\n            <\/svg><\/span>\n            <\/a>\n        \n            <\/div>\n        \n\n                <div class=\"sogrid__entry__content\">\n\n                    \n\n                    <h3 class=\"sogrid__entry__title\">\n                        <a href=\"https:\/\/grabowiec.pl\/ug\/index.php\/2026\/04\/27\/rocznica-uchwalenia-konstytucji-3-maja-3\/\">ROCZNICA UCHWALENIA KONSTYTUCJI 3 MAJA<\/a>\n                    <\/h3>\n\n                    <div class=\"sogrid__entry__meta\"><span class=\"sogrid__entry__date\">2026-04-27<\/span><\/div>\n                    \n                    <div class=\"sogrid__entry__excerpt\"><\/div>\n\n                    \n\n                <\/div>\n\n            <\/article><\/div><div class=\"sogrid__others\">\n                      \n            <article class=\"sogrid__entry sogrid__entry--has-thumbnail\">\n            \n                \n            <div class=\"sogrid__entry__thumbnail\">\n                <img decoding=\"async\" src=\"https:\/\/grabowiec.pl\/ug\/wp-content\/uploads\/2026\/04\/konkurs-potraw-2026-grafika.jpg\" alt=\"Konkurs Potraw \u201eSmaki Zamo\u015bcia i Roztocza\u201d\" \/>\n                \n            <a class=\"sogrid__entry__format\" data-format=\"\" href=\"https:\/\/grabowiec.pl\/ug\/index.php\/2026\/04\/27\/konkurs-potraw-smaki-zamoscia-i-roztocza\/\">\n                <span>\n            <svg class=\"dashicon\" role=\"img\" focusable=\"false\" xmlns=\"http:\/\/www.w3.org\/2000\/svg\" width=\"20\" height=\"20\" viewBox=\"0 0 24 24\">\n                <path d=\"M13.744 8s1.522-8-3.335-8h-8.409v24h20v-13c0-3.419-5.247-3.745-8.256-3zm4.256 11h-12v-1h12v1zm0-3h-12v-1h12v1zm0-3h-12v-1h12v1zm-3.432-12.925c2.202 1.174 5.938 4.883 7.432 6.881-1.286-.9-4.044-1.657-6.091-1.179.222-1.468-.185-4.534-1.341-5.702z\"\/>\n            <\/svg><\/span>\n            <\/a>\n        \n            <\/div>\n        \n\n                <div class=\"sogrid__entry__content\">\n\n                    \n\n                    <h3 class=\"sogrid__entry__title\">\n                        <a href=\"https:\/\/grabowiec.pl\/ug\/index.php\/2026\/04\/27\/konkurs-potraw-smaki-zamoscia-i-roztocza\/\">Konkurs Potraw \u201eSmaki Zamo\u015bcia i Roztocza\u201d<\/a>\n                    <\/h3>\n\n                    <div class=\"sogrid__entry__meta\"><span class=\"sogrid__entry__date\">2026-04-27<\/span><\/div>\n                    \n                    <div class=\"sogrid__entry__excerpt\">Zamojski Dom Kultury, Miasto Zamo\u015b\u0107 i Lokalna Organizacja Turystyczna \u201eZamo\u015b\u0107 i Roztocze\u201d serdecznie zapraszaj\u0105 do&#8230;<\/div>\n\n                    \n\n                <\/div>\n\n            <\/article>\n                      \n            <article class=\"sogrid__entry sogrid__entry--has-thumbnail\">\n            \n                \n            <div class=\"sogrid__entry__thumbnail\">\n                <img decoding=\"async\" src=\"https:\/\/grabowiec.pl\/ug\/wp-content\/uploads\/2026\/04\/insta-Odzyskane-JARMARK-26.jpg\" alt=\"32. Jarmark Hetma\u0144ski- Festiwal Produktu Lokalnego\" \/>\n                \n            <a class=\"sogrid__entry__format\" data-format=\"\" href=\"https:\/\/grabowiec.pl\/ug\/index.php\/2026\/04\/27\/32-jarmark-hetmanski-festiwal-produktu-lokalnego\/\">\n                <span>\n            <svg class=\"dashicon\" role=\"img\" focusable=\"false\" xmlns=\"http:\/\/www.w3.org\/2000\/svg\" width=\"20\" height=\"20\" viewBox=\"0 0 24 24\">\n                <path d=\"M13.744 8s1.522-8-3.335-8h-8.409v24h20v-13c0-3.419-5.247-3.745-8.256-3zm4.256 11h-12v-1h12v1zm0-3h-12v-1h12v1zm0-3h-12v-1h12v1zm-3.432-12.925c2.202 1.174 5.938 4.883 7.432 6.881-1.286-.9-4.044-1.657-6.091-1.179.222-1.468-.185-4.534-1.341-5.702z\"\/>\n            <\/svg><\/span>\n            <\/a>\n        \n            <\/div>\n        \n\n                <div class=\"sogrid__entry__content\">\n\n                    \n\n                    <h3 class=\"sogrid__entry__title\">\n                        <a href=\"https:\/\/grabowiec.pl\/ug\/index.php\/2026\/04\/27\/32-jarmark-hetmanski-festiwal-produktu-lokalnego\/\">32. Jarmark Hetma\u0144ski- Festiwal Produktu Lokalnego<\/a>\n                    <\/h3>\n\n                    <div class=\"sogrid__entry__meta\"><span class=\"sogrid__entry__date\">2026-04-27<\/span><\/div>\n                    \n                    <div class=\"sogrid__entry__excerpt\">Zapraszamy do udzia\u0142u&nbsp;w 32. Jarmarku Hetma\u0144skim&nbsp;\u2013 Festiwalu Produktu Lokalnego 6 &#8211; 7 czerwca 2026 r&#8230;.<\/div>\n\n                    \n\n                <\/div>\n\n            <\/article>\n                      \n            <article class=\"sogrid__entry sogrid__entry--has-thumbnail\">\n            \n                \n            <div class=\"sogrid__entry__thumbnail\">\n                <img decoding=\"async\" src=\"https:\/\/grabowiec.pl\/ug\/wp-content\/uploads\/2023\/02\/skomorochy-kaplica-1024x768.jpg\" alt=\"ZAPROSZENIE NA MSZ\u0118 \u015aWI\u0118T\u0104 W INTENCJI STRA\u017bAK\u00d3W\" \/>\n                \n            <a class=\"sogrid__entry__format\" data-format=\"\" href=\"https:\/\/grabowiec.pl\/ug\/index.php\/2026\/04\/27\/zaproszenie-na-msze-swieta-w-intencji-strazakow\/\">\n                <span>\n            <svg class=\"dashicon\" role=\"img\" focusable=\"false\" xmlns=\"http:\/\/www.w3.org\/2000\/svg\" width=\"20\" height=\"20\" viewBox=\"0 0 24 24\">\n                <path d=\"M13.744 8s1.522-8-3.335-8h-8.409v24h20v-13c0-3.419-5.247-3.745-8.256-3zm4.256 11h-12v-1h12v1zm0-3h-12v-1h12v1zm0-3h-12v-1h12v1zm-3.432-12.925c2.202 1.174 5.938 4.883 7.432 6.881-1.286-.9-4.044-1.657-6.091-1.179.222-1.468-.185-4.534-1.341-5.702z\"\/>\n            <\/svg><\/span>\n            <\/a>\n        \n            <\/div>\n        \n\n                <div class=\"sogrid__entry__content\">\n\n                    \n\n                    <h3 class=\"sogrid__entry__title\">\n                        <a href=\"https:\/\/grabowiec.pl\/ug\/index.php\/2026\/04\/27\/zaproszenie-na-msze-swieta-w-intencji-strazakow\/\">ZAPROSZENIE NA MSZ\u0118 \u015aWI\u0118T\u0104 W INTENCJI STRA\u017bAK\u00d3W<\/a>\n                    <\/h3>\n\n                    <div class=\"sogrid__entry__meta\"><span class=\"sogrid__entry__date\">2026-04-27<\/span><\/div>\n                    \n                    <div class=\"sogrid__entry__excerpt\">Serdecznie zapraszamy na uroczyste nabo\u017ce\u0144stwo w intencji druh\u00f3w stra\u017cak\u00f3w, kt\u00f3re odb\u0119dzie si\u0119 w duchu wdzi\u0119czno\u015bci&#8230;<\/div>\n\n                    \n\n                <\/div>\n\n            <\/article>\n                      \n            <article class=\"sogrid__entry sogrid__entry--has-thumbnail\">\n            \n                \n            <div class=\"sogrid__entry__thumbnail\">\n                <img decoding=\"async\" src=\"https:\/\/grabowiec.pl\/ug\/wp-content\/uploads\/2026\/04\/Zal.-1-Material-graficzny-do-zamieszczenia-na-stronie-internetowej-1098x616-1-1024x574.jpeg\" alt=\"KONKURS &#8222;PRZYJAZNA WIE\u015a&#8221;\" \/>\n                \n            <a class=\"sogrid__entry__format\" data-format=\"\" href=\"https:\/\/grabowiec.pl\/ug\/index.php\/2026\/04\/20\/konkursu-przyjazna-wies\/\">\n                <span>\n            <svg class=\"dashicon\" role=\"img\" focusable=\"false\" xmlns=\"http:\/\/www.w3.org\/2000\/svg\" width=\"20\" height=\"20\" viewBox=\"0 0 24 24\">\n                <path d=\"M13.744 8s1.522-8-3.335-8h-8.409v24h20v-13c0-3.419-5.247-3.745-8.256-3zm4.256 11h-12v-1h12v1zm0-3h-12v-1h12v1zm0-3h-12v-1h12v1zm-3.432-12.925c2.202 1.174 5.938 4.883 7.432 6.881-1.286-.9-4.044-1.657-6.091-1.179.222-1.468-.185-4.534-1.341-5.702z\"\/>\n            <\/svg><\/span>\n            <\/a>\n        \n            <\/div>\n        \n\n                <div class=\"sogrid__entry__content\">\n\n                    \n\n                    <h3 class=\"sogrid__entry__title\">\n                        <a href=\"https:\/\/grabowiec.pl\/ug\/index.php\/2026\/04\/20\/konkursu-przyjazna-wies\/\">KONKURS &#8222;PRZYJAZNA WIE\u015a&#8221;<\/a>\n                    <\/h3>\n\n                    <div class=\"sogrid__entry__meta\"><span class=\"sogrid__entry__date\">2026-04-20<\/span><\/div>\n                    \n                    <div class=\"sogrid__entry__excerpt\">III edycja Konkursu Przyjazna wie\u015b Centrum Doradztwa Rolniczego w Brwinowie Oddzia\u0142 w Warszawie zaprasza do&#8230;<\/div>\n\n                    \n\n                <\/div>\n\n            <\/article><\/div><\/div>\n\n                    \n\n                <\/div>\n\n<div class=\"wp-block-image\">\n<figure class=\"aligncenter size-full\"><a href=\"https:\/\/grabowiec.pl\/ug\/index.php\/2026\/04\/13\/oferta-liceum-ogolnoksztalcacego-w-zs-grabowiec\/\"><img loading=\"lazy\" decoding=\"async\" width=\"1534\" height=\"429\" src=\"https:\/\/grabowiec.pl\/ug\/wp-content\/uploads\/2026\/04\/2026-2027-zsgrab-banner.jpg\" alt=\"\" class=\"wp-image-6083\" srcset=\"https:\/\/grabowiec.pl\/ug\/wp-content\/uploads\/2026\/04\/2026-2027-zsgrab-banner.jpg 1534w, https:\/\/grabowiec.pl\/ug\/wp-content\/uploads\/2026\/04\/2026-2027-zsgrab-banner-300x84.jpg 300w, https:\/\/grabowiec.pl\/ug\/wp-content\/uploads\/2026\/04\/2026-2027-zsgrab-banner-1024x286.jpg 1024w, https:\/\/grabowiec.pl\/ug\/wp-content\/uploads\/2026\/04\/2026-2027-zsgrab-banner-768x215.jpg 768w, https:\/\/grabowiec.pl\/ug\/wp-content\/uploads\/2026\/04\/2026-2027-zsgrab-banner-388x109.jpg 388w\" sizes=\"auto, (max-width: 1534px) 100vw, 1534px\" \/><\/a><\/figure>\n<\/div>\n\n\n<p><\/p>\n\n\n\n<p class=\"has-text-align-center\"><strong><a href=\"https:\/\/grabowiec.pl\/ug\/index.php\/category\/ogloszenia\/\">WSZYSTKIE OG\u0141OSZENIA<\/a><\/strong><\/p>\n\n\n\n<hr class=\"wp-block-separator has-alpha-channel-opacity\"\/>\n","protected":false},"excerpt":{"rendered":"<p>WI\u0118CEJ AKTUALNO\u015aCI INFORMACJE WI\u0118CEJ INFORMACJI OG\u0141OSZENIA WSZYSTKIE OG\u0141OSZENIA<\/p>\n","protected":false},"author":1,"featured_media":0,"parent":0,"menu_order":0,"comment_status":"closed","ping_status":"closed","template":"","meta":{"footnotes":""},"class_list":["post-7","page","type-page","status-publish","hentry"],"yoast_head":"<!-- This site is optimized with the Yoast SEO plugin v27.5 - https:\/\/yoast.com\/product\/yoast-seo-wordpress\/ -->\n<title>AKTUALNO\u015aCI - GMINA GRABOWIEC<\/title>\n<meta name=\"robots\" content=\"index, follow, max-snippet:-1, max-image-preview:large, max-video-preview:-1\" \/>\n<link rel=\"canonical\" href=\"https:\/\/grabowiec.pl\/ug\/\" \/>\n<meta property=\"og:locale\" content=\"pl_PL\" \/>\n<meta property=\"og:type\" content=\"article\" \/>\n<meta property=\"og:title\" content=\"AKTUALNO\u015aCI - GMINA GRABOWIEC\" \/>\n<meta property=\"og:description\" content=\"WI\u0118CEJ AKTUALNO\u015aCI INFORMACJE WI\u0118CEJ INFORMACJI OG\u0141OSZENIA WSZYSTKIE OG\u0141OSZENIA\" \/>\n<meta property=\"og:url\" content=\"https:\/\/grabowiec.pl\/ug\/\" \/>\n<meta property=\"og:site_name\" content=\"GMINA GRABOWIEC\" \/>\n<meta property=\"article:modified_time\" content=\"2026-04-13T13:04:02+00:00\" \/>\n<meta property=\"og:image\" content=\"https:\/\/grabowiec.pl\/ug\/wp-content\/uploads\/2026\/04\/2026-2027-zsgrab-banner.jpg\" \/>\n<meta name=\"twitter:card\" content=\"summary_large_image\" \/>\n<meta name=\"twitter:label1\" content=\"Szacowany czas czytania\" \/>\n\t<meta name=\"twitter:data1\" content=\"1 minuta\" \/>\n<script type=\"application\/ld+json\" class=\"yoast-schema-graph\">{\"@context\":\"https:\\\/\\\/schema.org\",\"@graph\":[{\"@type\":\"WebPage\",\"@id\":\"https:\\\/\\\/grabowiec.pl\\\/ug\\\/\",\"url\":\"https:\\\/\\\/grabowiec.pl\\\/ug\\\/\",\"name\":\"AKTUALNO\u015aCI - GMINA GRABOWIEC\",\"isPartOf\":{\"@id\":\"https:\\\/\\\/grabowiec.pl\\\/ug\\\/#website\"},\"primaryImageOfPage\":{\"@id\":\"https:\\\/\\\/grabowiec.pl\\\/ug\\\/#primaryimage\"},\"image\":{\"@id\":\"https:\\\/\\\/grabowiec.pl\\\/ug\\\/#primaryimage\"},\"thumbnailUrl\":\"https:\\\/\\\/grabowiec.pl\\\/ug\\\/wp-content\\\/uploads\\\/2026\\\/04\\\/2026-2027-zsgrab-banner.jpg\",\"datePublished\":\"2023-02-08T07:51:54+00:00\",\"dateModified\":\"2026-04-13T13:04:02+00:00\",\"breadcrumb\":{\"@id\":\"https:\\\/\\\/grabowiec.pl\\\/ug\\\/#breadcrumb\"},\"inLanguage\":\"pl-PL\",\"potentialAction\":[{\"@type\":\"ReadAction\",\"target\":[\"https:\\\/\\\/grabowiec.pl\\\/ug\\\/\"]}]},{\"@type\":\"ImageObject\",\"inLanguage\":\"pl-PL\",\"@id\":\"https:\\\/\\\/grabowiec.pl\\\/ug\\\/#primaryimage\",\"url\":\"https:\\\/\\\/grabowiec.pl\\\/ug\\\/wp-content\\\/uploads\\\/2026\\\/04\\\/2026-2027-zsgrab-banner.jpg\",\"contentUrl\":\"https:\\\/\\\/grabowiec.pl\\\/ug\\\/wp-content\\\/uploads\\\/2026\\\/04\\\/2026-2027-zsgrab-banner.jpg\",\"width\":1534,\"height\":429},{\"@type\":\"BreadcrumbList\",\"@id\":\"https:\\\/\\\/grabowiec.pl\\\/ug\\\/#breadcrumb\",\"itemListElement\":[{\"@type\":\"ListItem\",\"position\":1,\"name\":\"Strona g\u0142\u00f3wna\",\"item\":\"https:\\\/\\\/grabowiec.pl\\\/ug\\\/\"},{\"@type\":\"ListItem\",\"position\":2,\"name\":\"AKTUALNO\u015aCI\"}]},{\"@type\":\"WebSite\",\"@id\":\"https:\\\/\\\/grabowiec.pl\\\/ug\\\/#website\",\"url\":\"https:\\\/\\\/grabowiec.pl\\\/ug\\\/\",\"name\":\"GMINA GRABOWIEC\",\"description\":\"\",\"publisher\":{\"@id\":\"https:\\\/\\\/grabowiec.pl\\\/ug\\\/#organization\"},\"potentialAction\":[{\"@type\":\"SearchAction\",\"target\":{\"@type\":\"EntryPoint\",\"urlTemplate\":\"https:\\\/\\\/grabowiec.pl\\\/ug\\\/?s={search_term_string}\"},\"query-input\":{\"@type\":\"PropertyValueSpecification\",\"valueRequired\":true,\"valueName\":\"search_term_string\"}}],\"inLanguage\":\"pl-PL\"},{\"@type\":\"Organization\",\"@id\":\"https:\\\/\\\/grabowiec.pl\\\/ug\\\/#organization\",\"name\":\"GMINA GRABOWIEC\",\"url\":\"https:\\\/\\\/grabowiec.pl\\\/ug\\\/\",\"logo\":{\"@type\":\"ImageObject\",\"inLanguage\":\"pl-PL\",\"@id\":\"https:\\\/\\\/grabowiec.pl\\\/ug\\\/#\\\/schema\\\/logo\\\/image\\\/\",\"url\":\"https:\\\/\\\/grabowiec.pl\\\/ug\\\/wp-content\\\/uploads\\\/2023\\\/02\\\/grab-herb.png\",\"contentUrl\":\"https:\\\/\\\/grabowiec.pl\\\/ug\\\/wp-content\\\/uploads\\\/2023\\\/02\\\/grab-herb.png\",\"width\":500,\"height\":600,\"caption\":\"GMINA GRABOWIEC\"},\"image\":{\"@id\":\"https:\\\/\\\/grabowiec.pl\\\/ug\\\/#\\\/schema\\\/logo\\\/image\\\/\"}}]}<\/script>\n<!-- \/ Yoast SEO plugin. -->","yoast_head_json":{"title":"AKTUALNO\u015aCI - GMINA GRABOWIEC","robots":{"index":"index","follow":"follow","max-snippet":"max-snippet:-1","max-image-preview":"max-image-preview:large","max-video-preview":"max-video-preview:-1"},"canonical":"https:\/\/grabowiec.pl\/ug\/","og_locale":"pl_PL","og_type":"article","og_title":"AKTUALNO\u015aCI - GMINA GRABOWIEC","og_description":"WI\u0118CEJ AKTUALNO\u015aCI INFORMACJE WI\u0118CEJ INFORMACJI OG\u0141OSZENIA WSZYSTKIE OG\u0141OSZENIA","og_url":"https:\/\/grabowiec.pl\/ug\/","og_site_name":"GMINA GRABOWIEC","article_modified_time":"2026-04-13T13:04:02+00:00","og_image":[{"url":"https:\/\/grabowiec.pl\/ug\/wp-content\/uploads\/2026\/04\/2026-2027-zsgrab-banner.jpg","type":"","width":"","height":""}],"twitter_card":"summary_large_image","twitter_misc":{"Szacowany czas czytania":"1 minuta"},"schema":{"@context":"https:\/\/schema.org","@graph":[{"@type":"WebPage","@id":"https:\/\/grabowiec.pl\/ug\/","url":"https:\/\/grabowiec.pl\/ug\/","name":"AKTUALNO\u015aCI - GMINA GRABOWIEC","isPartOf":{"@id":"https:\/\/grabowiec.pl\/ug\/#website"},"primaryImageOfPage":{"@id":"https:\/\/grabowiec.pl\/ug\/#primaryimage"},"image":{"@id":"https:\/\/grabowiec.pl\/ug\/#primaryimage"},"thumbnailUrl":"https:\/\/grabowiec.pl\/ug\/wp-content\/uploads\/2026\/04\/2026-2027-zsgrab-banner.jpg","datePublished":"2023-02-08T07:51:54+00:00","dateModified":"2026-04-13T13:04:02+00:00","breadcrumb":{"@id":"https:\/\/grabowiec.pl\/ug\/#breadcrumb"},"inLanguage":"pl-PL","potentialAction":[{"@type":"ReadAction","target":["https:\/\/grabowiec.pl\/ug\/"]}]},{"@type":"ImageObject","inLanguage":"pl-PL","@id":"https:\/\/grabowiec.pl\/ug\/#primaryimage","url":"https:\/\/grabowiec.pl\/ug\/wp-content\/uploads\/2026\/04\/2026-2027-zsgrab-banner.jpg","contentUrl":"https:\/\/grabowiec.pl\/ug\/wp-content\/uploads\/2026\/04\/2026-2027-zsgrab-banner.jpg","width":1534,"height":429},{"@type":"BreadcrumbList","@id":"https:\/\/grabowiec.pl\/ug\/#breadcrumb","itemListElement":[{"@type":"ListItem","position":1,"name":"Strona g\u0142\u00f3wna","item":"https:\/\/grabowiec.pl\/ug\/"},{"@type":"ListItem","position":2,"name":"AKTUALNO\u015aCI"}]},{"@type":"WebSite","@id":"https:\/\/grabowiec.pl\/ug\/#website","url":"https:\/\/grabowiec.pl\/ug\/","name":"GMINA GRABOWIEC","description":"","publisher":{"@id":"https:\/\/grabowiec.pl\/ug\/#organization"},"potentialAction":[{"@type":"SearchAction","target":{"@type":"EntryPoint","urlTemplate":"https:\/\/grabowiec.pl\/ug\/?s={search_term_string}"},"query-input":{"@type":"PropertyValueSpecification","valueRequired":true,"valueName":"search_term_string"}}],"inLanguage":"pl-PL"},{"@type":"Organization","@id":"https:\/\/grabowiec.pl\/ug\/#organization","name":"GMINA GRABOWIEC","url":"https:\/\/grabowiec.pl\/ug\/","logo":{"@type":"ImageObject","inLanguage":"pl-PL","@id":"https:\/\/grabowiec.pl\/ug\/#\/schema\/logo\/image\/","url":"https:\/\/grabowiec.pl\/ug\/wp-content\/uploads\/2023\/02\/grab-herb.png","contentUrl":"https:\/\/grabowiec.pl\/ug\/wp-content\/uploads\/2023\/02\/grab-herb.png","width":500,"height":600,"caption":"GMINA GRABOWIEC"},"image":{"@id":"https:\/\/grabowiec.pl\/ug\/#\/schema\/logo\/image\/"}}]}},"_links":{"self":[{"href":"https:\/\/grabowiec.pl\/ug\/index.php\/wp-json\/wp\/v2\/pages\/7","targetHints":{"allow":["GET"]}}],"collection":[{"href":"https:\/\/grabowiec.pl\/ug\/index.php\/wp-json\/wp\/v2\/pages"}],"about":[{"href":"https:\/\/grabowiec.pl\/ug\/index.php\/wp-json\/wp\/v2\/types\/page"}],"author":[{"embeddable":true,"href":"https:\/\/grabowiec.pl\/ug\/index.php\/wp-json\/wp\/v2\/users\/1"}],"replies":[{"embeddable":true,"href":"https:\/\/grabowiec.pl\/ug\/index.php\/wp-json\/wp\/v2\/comments?post=7"}],"version-history":[{"count":123,"href":"https:\/\/grabowiec.pl\/ug\/index.php\/wp-json\/wp\/v2\/pages\/7\/revisions"}],"predecessor-version":[{"id":6089,"href":"https:\/\/grabowiec.pl\/ug\/index.php\/wp-json\/wp\/v2\/pages\/7\/revisions\/6089"}],"wp:attachment":[{"href":"https:\/\/grabowiec.pl\/ug\/index.php\/wp-json\/wp\/v2\/media?parent=7"}],"curies":[{"name":"wp","href":"https:\/\/api.w.org\/{rel}","templated":true}]}}